{"id":7317,"date":"2024-10-17T17:20:25","date_gmt":"2024-10-17T15:20:25","guid":{"rendered":"https:\/\/fachschaft.arch.rwth-aachen.de\/?page_id=7317"},"modified":"2024-10-24T19:02:53","modified_gmt":"2024-10-24T17:02:53","slug":"events","status":"publish","type":"page","link":"https:\/\/fachschaft.arch.rwth-aachen.de\/?page_id=7317","title":{"rendered":"Events"},"content":{"rendered":"<p><div class=\"fusion-fullwidth fullwidth-box fusion-builder-row-1 fusion-flex-container has-pattern-background has-mask-background nonhundred-percent-fullwidth non-hundred-percent-height-scrolling\" style=\"--awb-border-radius-top-left:0px;--awb-border-radius-top-right:0px;--awb-border-radius-bottom-right:0px;--awb-border-radius-bottom-left:0px;--awb-background-color:var(--awb-custom10);--awb-flex-wrap:wrap;\" ><div class=\"fusion-builder-row fusion-row fusion-flex-align-items-flex-start fusion-flex-content-wrap\" style=\"max-width:1248px;margin-left: calc(-4% \/ 2 );margin-right: calc(-4% \/ 2 );\"><div class=\"fusion-layout-column fusion_builder_column fusion-builder-column-0 fusion_builder_column_1_1 1_1 fusion-flex-column\" style=\"--awb-bg-size:cover;--awb-width-large:100%;--awb-margin-top-large:0px;--awb-spacing-right-large:1.92%;--awb-margin-bottom-large:20px;--awb-spacing-left-large:1.92%;--awb-width-medium:100%;--awb-order-medium:0;--awb-spacing-right-medium:1.92%;--awb-spacing-left-medium:1.92%;--awb-width-small:100%;--awb-order-small:0;--awb-spacing-right-small:1.92%;--awb-spacing-left-small:1.92%;\"><div class=\"fusion-column-wrapper fusion-column-has-shadow fusion-flex-justify-content-flex-start fusion-content-layout-column\"><div class=\"fusion-title title fusion-title-1 fusion-sep-none fusion-title-center fusion-title-text fusion-title-size-one\" style=\"--awb-text-color:var(--awb-color1);--awb-margin-top:30px;--awb-margin-bottom:20px;--awb-font-size:50px;\"><h1 class=\"fusion-title-heading title-heading-center\" style=\"font-family:&quot;Abel&quot;;font-style:normal;font-weight:400;margin:0;font-size:1em;\">bisherige Events<\/h1><\/div><\/div><\/div><\/div><\/div><div class=\"fusion-fullwidth fullwidth-box fusion-builder-row-2 fusion-flex-container has-pattern-background has-mask-background nonhundred-percent-fullwidth non-hundred-percent-height-scrolling\" style=\"--link_hover_color: rgba(53,118,117,0);--awb-border-radius-top-left:0px;--awb-border-radius-top-right:0px;--awb-border-radius-bottom-right:0px;--awb-border-radius-bottom-left:0px;--awb-flex-wrap:wrap;\" ><div class=\"fusion-builder-row fusion-row fusion-flex-align-items-flex-start fusion-flex-content-wrap\" style=\"max-width:1248px;margin-left: calc(-4% \/ 2 );margin-right: calc(-4% \/ 2 );\"><div class=\"fusion-layout-column fusion_builder_column fusion-builder-column-1 fusion_builder_column_1_1 1_1 fusion-flex-column\" style=\"--awb-bg-blend:overlay;--awb-bg-size:cover;--awb-width-large:100%;--awb-margin-top-large:0px;--awb-spacing-right-large:1.92%;--awb-margin-bottom-large:0px;--awb-spacing-left-large:1.92%;--awb-width-medium:100%;--awb-spacing-right-medium:1.92%;--awb-spacing-left-medium:1.92%;--awb-width-small:100%;--awb-spacing-right-small:1.92%;--awb-spacing-left-small:1.92%;\"><div class=\"fusion-column-wrapper fusion-flex-justify-content-flex-start fusion-content-layout-column\"><div class=\"fusion-separator fusion-full-width-sep\" style=\"align-self: center;margin-left: auto;margin-right: auto;width:100%;\"><\/div><div class=\"fusion-title title fusion-title-2 fusion-sep-none fusion-title-center fusion-title-text fusion-title-size-one\" style=\"--awb-text-color:var(--awb-color1);--awb-font-size:50px;\"><h1 class=\"fusion-title-heading title-heading-center\" style=\"font-family:&quot;Abel&quot;;font-style:normal;font-weight:400;margin:0;font-size:1em;\">abstandshalter<\/h1><\/div><\/div><\/div><\/div><\/div><div class=\"fusion-fullwidth fullwidth-box fusion-builder-row-3 fusion-flex-container has-pattern-background has-mask-background nonhundred-percent-fullwidth non-hundred-percent-height-scrolling\" style=\"--link_hover_color: rgba(53,118,117,0);--awb-border-radius-top-left:0px;--awb-border-radius-top-right:0px;--awb-border-radius-bottom-right:0px;--awb-border-radius-bottom-left:0px;--awb-flex-wrap:wrap;\" ><div class=\"fusion-builder-row fusion-row fusion-flex-align-items-flex-start fusion-flex-content-wrap\" style=\"max-width:1248px;margin-left: calc(-4% \/ 2 );margin-right: calc(-4% \/ 2 );\"><div class=\"fusion-layout-column fusion_builder_column fusion-builder-column-2 fusion_builder_column_3_4 3_4 fusion-flex-column\" style=\"--awb-bg-blend:overlay;--awb-bg-size:cover;--awb-width-large:75%;--awb-margin-top-large:0px;--awb-spacing-right-large:3.84%;--awb-margin-bottom-large:0px;--awb-spacing-left-large:2.56%;--awb-width-medium:75%;--awb-spacing-right-medium:3.84%;--awb-spacing-left-medium:2.56%;--awb-width-small:100%;--awb-spacing-right-small:1.92%;--awb-spacing-left-small:1.92%;\"><div class=\"fusion-column-wrapper fusion-flex-justify-content-flex-start fusion-content-layout-column\"><div class=\"fusion-blog-shortcode fusion-blog-shortcode-1 fusion-blog-archive fusion-blog-layout-timeline-wrapper fusion-blog-infinite fusion-blog-layout-center\" style=\"--awb-title-font-size:30px;--awb-timeline-title-font-size:20px;--awb-title-font-family:&quot;Abel&quot;;--awb-title-font-style:normal;--awb-title-font-weight:400;--awb-timeline-title-font-family:&quot;Abel&quot;;--awb-timeline-title-font-style:normal;--awb-timeline-title-font-weight:400;\"><div class=\"fusion-posts-container fusion-posts-container-infinite fusion-blog-rollover\" data-pages=\"1\"><div class=\"fusion-timeline-icon\"><i class=\"awb-icon-bubbles\" style=\"color:#f2f3f5;\" aria-hidden=\"true\"><\/i><\/div><div class=\"fusion-blog-layout-timeline fusion-clearfix\"><div class=\"fusion-timeline-line\" style=\"border-left:1px solid #f2f3f5;border-right:1px solid #f2f3f5;\"><\/div><h3 class=\"fusion-timeline-date\" style=\"background-color:#f2f3f5;\">Oktober 2024<\/h3><div class=\"fusion-collapse-month\"><article id=\"blog-1-post-7105\" style=\"border-color:#f2f3f5;\" class=\"fusion-post-timeline fusion-clearfix fusion-left-column post-7105 post type-post status-publish format-standard has-post-thumbnail hentry category-allgemein category-aussendarstellung category-events category-news category-party\">\n<div class=\"fusion-post-wrapper\" style=\"background-color:var(--awb-color1);\">\n\n\t\t\t<div class=\"fusion-flexslider flexslider fusion-flexslider-loading fusion-post-slideshow\" style=\"border-color:#f2f3f5;\">\n\t\t<ul class=\"slides\">\n\t\t\t\n\t\t\t\t\t\t\t\t\t\t\t\t\t\t<li><div  class=\"fusion-image-wrapper\" aria-haspopup=\"true\">\n\t\t\t\t<img decoding=\"async\" width=\"1684\" height=\"2384\" src=\"https:\/\/fachschaft.arch.rwth-aachen.de\/wp-content\/uploads\/2024\/10\/PrePommesParty-1.jpg\" class=\"attachment-full size-full wp-post-image\" alt=\"\" srcset=\"https:\/\/fachschaft.arch.rwth-aachen.de\/wp-content\/uploads\/2024\/10\/PrePommesParty-1-200x283.jpg 200w, https:\/\/fachschaft.arch.rwth-aachen.de\/wp-content\/uploads\/2024\/10\/PrePommesParty-1-400x566.jpg 400w, https:\/\/fachschaft.arch.rwth-aachen.de\/wp-content\/uploads\/2024\/10\/PrePommesParty-1-600x849.jpg 600w, https:\/\/fachschaft.arch.rwth-aachen.de\/wp-content\/uploads\/2024\/10\/PrePommesParty-1-800x1133.jpg 800w, https:\/\/fachschaft.arch.rwth-aachen.de\/wp-content\/uploads\/2024\/10\/PrePommesParty-1-1200x1699.jpg 1200w, https:\/\/fachschaft.arch.rwth-aachen.de\/wp-content\/uploads\/2024\/10\/PrePommesParty-1.jpg 1684w\" sizes=\"(max-width: 640px) 100vw, 40vw\" \/><div class=\"fusion-rollover\">\n\t<div class=\"fusion-rollover-content\">\n\n\t\t\t\t\t\t\t\t\t\t\t\t\t\t<a class=\"fusion-rollover-link\" href=\"https:\/\/fachschaft.arch.rwth-aachen.de\/?p=7105\">PrePommesParty bei Maier-Peveling&#8217;s<\/a>\n\t\t\t\n\t\t\t\t\t\t\t\t\t\t\t\t\t\t\n\t\t\t\t\t\t\t\t\n\t\t\t\t\t\t\t\t\t\t\t\t\t<div class=\"fusion-rollover-sep\"><\/div>\n\t\t\t\t\n\t\t\t\t\t\t\t\t\t\t\t\t\t\t\t\t\t\t<a class=\"fusion-rollover-gallery\" href=\"https:\/\/fachschaft.arch.rwth-aachen.de\/wp-content\/uploads\/2024\/10\/PrePommesParty-1.jpg\" data-options=\"\" data-id=\"7105\" data-rel=\"iLightbox[gallery]\" data-title=\"PrePommesParty\" data-caption=\"\">\n\t\t\t\t\t\tGallerie\t\t\t\t\t<\/a>\n\t\t\t\t\t\t\t\t\t\t\t\t\t\t\n\t\t\n\t\t\t\t\t\t\t\t\t\t\t\t<h4 class=\"fusion-rollover-title\">\n\t\t\t\t\t<a class=\"fusion-rollover-title-link\" href=\"https:\/\/fachschaft.arch.rwth-aachen.de\/?p=7105\">\n\t\t\t\t\t\tPrePommesParty bei Maier-Peveling&#8217;s\t\t\t\t\t<\/a>\n\t\t\t\t<\/h4>\n\t\t\t\n\t\t\t\t\t\t\t\t\t\t<div class=\"fusion-rollover-categories\"><a href=\"https:\/\/fachschaft.arch.rwth-aachen.de\/?cat=1\" rel=\"tag\">Allgemein<\/a>, <a href=\"https:\/\/fachschaft.arch.rwth-aachen.de\/?cat=75\" rel=\"tag\">Au\u00dfendarstellung<\/a>, <a href=\"https:\/\/fachschaft.arch.rwth-aachen.de\/?cat=45\" rel=\"tag\">Events<\/a>, <a href=\"https:\/\/fachschaft.arch.rwth-aachen.de\/?cat=157\" rel=\"tag\">News<\/a>, <a href=\"https:\/\/fachschaft.arch.rwth-aachen.de\/?cat=169\" rel=\"tag\">Party<\/a><\/div>\t\t\t\t\t\n\t\t\n\t\t\t\t\t\t<a class=\"fusion-link-wrapper\" href=\"https:\/\/fachschaft.arch.rwth-aachen.de\/?p=7105\" aria-label=\"PrePommesParty bei Maier-Peveling&#8217;s\"><\/a>\n\t<\/div>\n<\/div>\n<\/div>\n<\/li>\n\t\t\t\n\t\t\t\n\t\t\t\t\t\t\t\t\t\t\t\t\t\t\t\t\t\t\t\t\t\t\t\t\t\t\t\t\t\t\t\t\t\t\t\t\t\t\t\t\t\t\t\t\t\t\t\t\t\t\t\t\t\t\t\t\t\t\t\t\t\t\t\t\t\t\t\t<\/ul>\n\t<\/div>\n\t<div class=\"fusion-post-content-wrapper\" style=\"padding:30px 25px 25px 25px;\"><div class=\"fusion-post-content post-content\"><div class=\"fusion-timeline-circle\" style=\"background-color:#f2f3f5;\"><\/div><div class=\"fusion-timeline-arrow\" style=\"color:#f2f3f5;\"><\/div><h2 class=\"blog-shortcode-post-title entry-title\">PrePommesParty bei Maier-Peveling&#8217;s<\/h2><span class=\"vcard\" style=\"display: none;\"><span class=\"fn\"><a href=\"https:\/\/fachschaft.arch.rwth-aachen.de\/?author=7\" title=\"Beitr\u00e4ge von noah\" rel=\"author\">noah<\/a><\/span><\/span><span class=\"updated\" style=\"display:none;\">2024-10-20T00:19:33+02:00<\/span><div class=\"fusion-content-sep sep-none\"><\/div><\/div><div class=\"fusion-meta-info\"><div class=\"fusion-alignleft\"><a class=\"fusion-read-more\" href=\"https:\/\/fachschaft.arch.rwth-aachen.de\/?p=7105\" aria-label=\"More on PrePommesParty bei Maier-Peveling&#8217;s\">Read More<\/a><\/div><div class=\"fusion-alignright\"><a href=\"https:\/\/fachschaft.arch.rwth-aachen.de\/?p=7105#respond\"><i class=\"awb-icon-bubbles\" aria-hidden=\"true\"><\/i>&nbsp;0<\/a><\/div><\/div><\/div><div class=\"fusion-clearfix\"><\/div><\/div>\n<\/article>\n<article id=\"blog-1-post-7048\" style=\"border-color:#f2f3f5;\" class=\"fusion-post-timeline fusion-clearfix fusion-right-column post-7048 post type-post status-publish format-standard has-post-thumbnail hentry category-allgemein category-aussendarstellung category-events category-news category-party\">\n<div class=\"fusion-post-wrapper\" style=\"background-color:var(--awb-color1);\">\n\n\t\t\t<div class=\"fusion-flexslider flexslider fusion-flexslider-loading fusion-post-slideshow\" style=\"border-color:#f2f3f5;\">\n\t\t<ul class=\"slides\">\n\t\t\t\n\t\t\t\t\t\t\t\t\t\t\t\t\t\t<li><div  class=\"fusion-image-wrapper\" aria-haspopup=\"true\">\n\t\t\t\t<img decoding=\"async\" width=\"7016\" height=\"9933\" src=\"https:\/\/fachschaft.arch.rwth-aachen.de\/wp-content\/uploads\/2024\/10\/Architektenparty-Plakat-A1-blau-4.png\" class=\"attachment-full size-full wp-post-image\" alt=\"\" srcset=\"https:\/\/fachschaft.arch.rwth-aachen.de\/wp-content\/uploads\/2024\/10\/Architektenparty-Plakat-A1-blau-4-200x283.png 200w, https:\/\/fachschaft.arch.rwth-aachen.de\/wp-content\/uploads\/2024\/10\/Architektenparty-Plakat-A1-blau-4-400x566.png 400w, https:\/\/fachschaft.arch.rwth-aachen.de\/wp-content\/uploads\/2024\/10\/Architektenparty-Plakat-A1-blau-4-600x849.png 600w, https:\/\/fachschaft.arch.rwth-aachen.de\/wp-content\/uploads\/2024\/10\/Architektenparty-Plakat-A1-blau-4-800x1133.png 800w, https:\/\/fachschaft.arch.rwth-aachen.de\/wp-content\/uploads\/2024\/10\/Architektenparty-Plakat-A1-blau-4-1200x1699.png 1200w, https:\/\/fachschaft.arch.rwth-aachen.de\/wp-content\/uploads\/2024\/10\/Architektenparty-Plakat-A1-blau-4.png 7016w\" sizes=\"(max-width: 640px) 100vw, 40vw\" \/><div class=\"fusion-rollover\">\n\t<div class=\"fusion-rollover-content\">\n\n\t\t\t\t\t\t\t\t\t\t\t\t\t\t<a class=\"fusion-rollover-link\" href=\"https:\/\/fachschaft.arch.rwth-aachen.de\/?p=7048\">Architektenparty im NOX am 17.10.2024<\/a>\n\t\t\t\n\t\t\t\t\t\t\t\t\t\t\t\t\t\t\n\t\t\t\t\t\t\t\t\n\t\t\t\t\t\t\t\t\t\t\t\t\t<div class=\"fusion-rollover-sep\"><\/div>\n\t\t\t\t\n\t\t\t\t\t\t\t\t\t\t\t\t\t\t\t\t\t\t<a class=\"fusion-rollover-gallery\" href=\"https:\/\/fachschaft.arch.rwth-aachen.de\/wp-content\/uploads\/2024\/10\/Architektenparty-Plakat-A1-blau-4.png\" data-options=\"\" data-id=\"7048\" data-rel=\"iLightbox[gallery]\" data-title=\"Architektenparty Plakat A1 blau\" data-caption=\"\">\n\t\t\t\t\t\tGallerie\t\t\t\t\t<\/a>\n\t\t\t\t\t\t\t\t\t\t\t\t\t\t\n\t\t\n\t\t\t\t\t\t\t\t\t\t\t\t<h4 class=\"fusion-rollover-title\">\n\t\t\t\t\t<a class=\"fusion-rollover-title-link\" href=\"https:\/\/fachschaft.arch.rwth-aachen.de\/?p=7048\">\n\t\t\t\t\t\tArchitektenparty im NOX am 17.10.2024\t\t\t\t\t<\/a>\n\t\t\t\t<\/h4>\n\t\t\t\n\t\t\t\t\t\t\t\t\t\t<div class=\"fusion-rollover-categories\"><a href=\"https:\/\/fachschaft.arch.rwth-aachen.de\/?cat=1\" rel=\"tag\">Allgemein<\/a>, <a href=\"https:\/\/fachschaft.arch.rwth-aachen.de\/?cat=75\" rel=\"tag\">Au\u00dfendarstellung<\/a>, <a href=\"https:\/\/fachschaft.arch.rwth-aachen.de\/?cat=45\" rel=\"tag\">Events<\/a>, <a href=\"https:\/\/fachschaft.arch.rwth-aachen.de\/?cat=157\" rel=\"tag\">News<\/a>, <a href=\"https:\/\/fachschaft.arch.rwth-aachen.de\/?cat=169\" rel=\"tag\">Party<\/a><\/div>\t\t\t\t\t\n\t\t\n\t\t\t\t\t\t<a class=\"fusion-link-wrapper\" href=\"https:\/\/fachschaft.arch.rwth-aachen.de\/?p=7048\" aria-label=\"Architektenparty im NOX am 17.10.2024\"><\/a>\n\t<\/div>\n<\/div>\n<\/div>\n<\/li>\n\t\t\t\n\t\t\t\n\t\t\t\t\t\t\t\t\t\t\t\t\t\t\t\t\t\t\t\t\t\t\t\t\t\t\t\t\t\t\t\t\t\t\t\t\t\t\t\t\t\t\t\t\t\t\t\t\t\t\t\t\t\t\t\t\t\t\t\t\t\t\t\t\t\t\t\t<\/ul>\n\t<\/div>\n\t<div class=\"fusion-post-content-wrapper\" style=\"padding:30px 25px 25px 25px;\"><div class=\"fusion-post-content post-content\"><div class=\"fusion-timeline-circle\" style=\"background-color:#f2f3f5;\"><\/div><div class=\"fusion-timeline-arrow\" style=\"color:#f2f3f5;\"><\/div><h2 class=\"blog-shortcode-post-title entry-title\">Architektenparty im NOX am 17.10.2024<\/h2><span class=\"vcard\" style=\"display: none;\"><span class=\"fn\"><a href=\"https:\/\/fachschaft.arch.rwth-aachen.de\/?author=7\" title=\"Beitr\u00e4ge von noah\" rel=\"author\">noah<\/a><\/span><\/span><span class=\"updated\" style=\"display:none;\">2024-10-20T00:18:33+02:00<\/span><div class=\"fusion-content-sep sep-none\"><\/div><\/div><div class=\"fusion-meta-info\"><div class=\"fusion-alignleft\"><a class=\"fusion-read-more\" href=\"https:\/\/fachschaft.arch.rwth-aachen.de\/?p=7048\" aria-label=\"More on Architektenparty im NOX am 17.10.2024\">Read More<\/a><\/div><div class=\"fusion-alignright\"><a href=\"https:\/\/fachschaft.arch.rwth-aachen.de\/?p=7048#respond\"><i class=\"awb-icon-bubbles\" aria-hidden=\"true\"><\/i>&nbsp;0<\/a><\/div><\/div><\/div><div class=\"fusion-clearfix\"><\/div><\/div>\n<\/article>\n<\/div><h3 class=\"fusion-timeline-date\" style=\"background-color:#f2f3f5;\">September 2024<\/h3><div class=\"fusion-collapse-month\"><article id=\"blog-1-post-7504\" style=\"border-color:#f2f3f5;\" class=\"fusion-post-timeline fusion-clearfix fusion-left-column post-7504 post type-post status-publish format-standard has-post-thumbnail hentry category-allgemein category-aussendarstellung category-einfuhrungswoche category-events category-news category-party\">\n<div class=\"fusion-post-wrapper\" style=\"background-color:var(--awb-color1);\">\n\n\t\t\t<div class=\"fusion-flexslider flexslider fusion-flexslider-loading fusion-post-slideshow\" style=\"border-color:#f2f3f5;\">\n\t\t<ul class=\"slides\">\n\t\t\t\n\t\t\t\t\t\t\t\t\t\t\t\t\t\t<li><div  class=\"fusion-image-wrapper\" aria-haspopup=\"true\">\n\t\t\t\t<img decoding=\"async\" width=\"1080\" height=\"1080\" src=\"https:\/\/fachschaft.arch.rwth-aachen.de\/wp-content\/uploads\/2024\/10\/Snapinsta.app_461462725_586034380416798_2129437334047969692_n_1080.jpg\" class=\"attachment-full size-full wp-post-image\" alt=\"\" srcset=\"https:\/\/fachschaft.arch.rwth-aachen.de\/wp-content\/uploads\/2024\/10\/Snapinsta.app_461462725_586034380416798_2129437334047969692_n_1080-200x200.jpg 200w, https:\/\/fachschaft.arch.rwth-aachen.de\/wp-content\/uploads\/2024\/10\/Snapinsta.app_461462725_586034380416798_2129437334047969692_n_1080-400x400.jpg 400w, https:\/\/fachschaft.arch.rwth-aachen.de\/wp-content\/uploads\/2024\/10\/Snapinsta.app_461462725_586034380416798_2129437334047969692_n_1080-600x600.jpg 600w, https:\/\/fachschaft.arch.rwth-aachen.de\/wp-content\/uploads\/2024\/10\/Snapinsta.app_461462725_586034380416798_2129437334047969692_n_1080-800x800.jpg 800w, https:\/\/fachschaft.arch.rwth-aachen.de\/wp-content\/uploads\/2024\/10\/Snapinsta.app_461462725_586034380416798_2129437334047969692_n_1080.jpg 1080w\" sizes=\"(max-width: 640px) 100vw, 40vw\" \/><div class=\"fusion-rollover\">\n\t<div class=\"fusion-rollover-content\">\n\n\t\t\t\t\t\t\t\t\t\t\t\t\t\t<a class=\"fusion-rollover-link\" href=\"https:\/\/fachschaft.arch.rwth-aachen.de\/?p=7504\">Baum Week w\u00e4hrend der Ersti-Woche 2024<\/a>\n\t\t\t\n\t\t\t\t\t\t\t\t\t\t\t\t\t\t\n\t\t\t\t\t\t\t\t\n\t\t\t\t\t\t\t\t\t\t\t\t\t<div class=\"fusion-rollover-sep\"><\/div>\n\t\t\t\t\n\t\t\t\t\t\t\t\t\t\t\t\t\t\t\t\t\t\t<a class=\"fusion-rollover-gallery\" href=\"https:\/\/fachschaft.arch.rwth-aachen.de\/wp-content\/uploads\/2024\/10\/Snapinsta.app_461462725_586034380416798_2129437334047969692_n_1080.jpg\" data-options=\"\" data-id=\"7504\" data-rel=\"iLightbox[gallery]\" data-title=\"Snapinsta.app_461462725_586034380416798_2129437334047969692_n_1080\" data-caption=\"\">\n\t\t\t\t\t\tGallerie\t\t\t\t\t<\/a>\n\t\t\t\t\t\t\t\t\t\t\t\t\t\t\n\t\t\n\t\t\t\t\t\t\t\t\t\t\t\t<h4 class=\"fusion-rollover-title\">\n\t\t\t\t\t<a class=\"fusion-rollover-title-link\" href=\"https:\/\/fachschaft.arch.rwth-aachen.de\/?p=7504\">\n\t\t\t\t\t\tBaum Week w\u00e4hrend der Ersti-Woche 2024\t\t\t\t\t<\/a>\n\t\t\t\t<\/h4>\n\t\t\t\n\t\t\t\t\t\t\t\t\t\t<div class=\"fusion-rollover-categories\"><a href=\"https:\/\/fachschaft.arch.rwth-aachen.de\/?cat=1\" rel=\"tag\">Allgemein<\/a>, <a href=\"https:\/\/fachschaft.arch.rwth-aachen.de\/?cat=75\" rel=\"tag\">Au\u00dfendarstellung<\/a>, <a href=\"https:\/\/fachschaft.arch.rwth-aachen.de\/?cat=126\" rel=\"tag\">Einf\u00fchrungswoche<\/a>, <a href=\"https:\/\/fachschaft.arch.rwth-aachen.de\/?cat=45\" rel=\"tag\">Events<\/a>, <a href=\"https:\/\/fachschaft.arch.rwth-aachen.de\/?cat=157\" rel=\"tag\">News<\/a>, <a href=\"https:\/\/fachschaft.arch.rwth-aachen.de\/?cat=169\" rel=\"tag\">Party<\/a><\/div>\t\t\t\t\t\n\t\t\n\t\t\t\t\t\t<a class=\"fusion-link-wrapper\" href=\"https:\/\/fachschaft.arch.rwth-aachen.de\/?p=7504\" aria-label=\"Baum Week w\u00e4hrend der Ersti-Woche 2024\"><\/a>\n\t<\/div>\n<\/div>\n<\/div>\n<\/li>\n\t\t\t\n\t\t\t\n\t\t\t\t\t\t\t\t\t\t\t\t\t\t\t\t\t\t\t\t\t\t\t\t\t\t\t\t\t\t\t\t\t\t\t\t\t\t\t\t\t\t\t\t\t\t\t\t\t\t\t\t\t\t\t\t\t\t\t\t\t\t\t\t\t\t\t\t<\/ul>\n\t<\/div>\n\t<div class=\"fusion-post-content-wrapper\" style=\"padding:30px 25px 25px 25px;\"><div class=\"fusion-post-content post-content\"><div class=\"fusion-timeline-circle\" style=\"background-color:#f2f3f5;\"><\/div><div class=\"fusion-timeline-arrow\" style=\"color:#f2f3f5;\"><\/div><h2 class=\"blog-shortcode-post-title entry-title\">Baum Week w\u00e4hrend der Ersti-Woche 2024<\/h2><span class=\"vcard\" style=\"display: none;\"><span class=\"fn\"><a href=\"https:\/\/fachschaft.arch.rwth-aachen.de\/?author=7\" title=\"Beitr\u00e4ge von noah\" rel=\"author\">noah<\/a><\/span><\/span><span class=\"updated\" style=\"display:none;\">2024-10-19T18:41:39+02:00<\/span><div class=\"fusion-content-sep sep-none\"><\/div><\/div><div class=\"fusion-meta-info\"><div class=\"fusion-alignleft\"><a class=\"fusion-read-more\" href=\"https:\/\/fachschaft.arch.rwth-aachen.de\/?p=7504\" aria-label=\"More on Baum Week w\u00e4hrend der Ersti-Woche 2024\">Read More<\/a><\/div><div class=\"fusion-alignright\"><a href=\"https:\/\/fachschaft.arch.rwth-aachen.de\/?p=7504#respond\"><i class=\"awb-icon-bubbles\" aria-hidden=\"true\"><\/i>&nbsp;0<\/a><\/div><\/div><\/div><div class=\"fusion-clearfix\"><\/div><\/div>\n<\/article>\n<article id=\"blog-1-post-7489\" style=\"border-color:#f2f3f5;\" class=\"fusion-post-timeline fusion-clearfix fusion-right-column post-7489 post type-post status-publish format-standard has-post-thumbnail hentry category-aussendarstellung category-einfuhrungswoche category-events category-news category-party\">\n<div class=\"fusion-post-wrapper\" style=\"background-color:var(--awb-color1);\">\n\n\t\t\t<div class=\"fusion-flexslider flexslider fusion-flexslider-loading fusion-post-slideshow\" style=\"border-color:#f2f3f5;\">\n\t\t<ul class=\"slides\">\n\t\t\t\n\t\t\t\t\t\t\t\t\t\t\t\t\t\t<li><div  class=\"fusion-image-wrapper\" aria-haspopup=\"true\">\n\t\t\t\t<img decoding=\"async\" width=\"3508\" height=\"4961\" src=\"https:\/\/fachschaft.arch.rwth-aachen.de\/wp-content\/uploads\/2024\/10\/plakat.cafe_.madrid.png\" class=\"attachment-full size-full wp-post-image\" alt=\"\" srcset=\"https:\/\/fachschaft.arch.rwth-aachen.de\/wp-content\/uploads\/2024\/10\/plakat.cafe_.madrid-200x283.png 200w, https:\/\/fachschaft.arch.rwth-aachen.de\/wp-content\/uploads\/2024\/10\/plakat.cafe_.madrid-400x566.png 400w, https:\/\/fachschaft.arch.rwth-aachen.de\/wp-content\/uploads\/2024\/10\/plakat.cafe_.madrid-600x849.png 600w, https:\/\/fachschaft.arch.rwth-aachen.de\/wp-content\/uploads\/2024\/10\/plakat.cafe_.madrid-800x1131.png 800w, https:\/\/fachschaft.arch.rwth-aachen.de\/wp-content\/uploads\/2024\/10\/plakat.cafe_.madrid-1200x1697.png 1200w, https:\/\/fachschaft.arch.rwth-aachen.de\/wp-content\/uploads\/2024\/10\/plakat.cafe_.madrid.png 3508w\" sizes=\"(max-width: 640px) 100vw, 40vw\" \/><div class=\"fusion-rollover\">\n\t<div class=\"fusion-rollover-content\">\n\n\t\t\t\t\t\t\t\t\t\t\t\t\t\t<a class=\"fusion-rollover-link\" href=\"https:\/\/fachschaft.arch.rwth-aachen.de\/?p=7489\">Come-Together Party im Caf\u00e9 Madrid!<\/a>\n\t\t\t\n\t\t\t\t\t\t\t\t\t\t\t\t\t\t\n\t\t\t\t\t\t\t\t\n\t\t\t\t\t\t\t\t\t\t\t\t\t<div class=\"fusion-rollover-sep\"><\/div>\n\t\t\t\t\n\t\t\t\t\t\t\t\t\t\t\t\t\t\t\t\t\t\t<a class=\"fusion-rollover-gallery\" href=\"https:\/\/fachschaft.arch.rwth-aachen.de\/wp-content\/uploads\/2024\/10\/plakat.cafe_.madrid.png\" data-options=\"\" data-id=\"7489\" data-rel=\"iLightbox[gallery]\" data-title=\"plakat.cafe.madrid\" data-caption=\"\">\n\t\t\t\t\t\tGallerie\t\t\t\t\t<\/a>\n\t\t\t\t\t\t\t\t\t\t\t\t\t\t\n\t\t\n\t\t\t\t\t\t\t\t\t\t\t\t<h4 class=\"fusion-rollover-title\">\n\t\t\t\t\t<a class=\"fusion-rollover-title-link\" href=\"https:\/\/fachschaft.arch.rwth-aachen.de\/?p=7489\">\n\t\t\t\t\t\tCome-Together Party im Caf\u00e9 Madrid!\t\t\t\t\t<\/a>\n\t\t\t\t<\/h4>\n\t\t\t\n\t\t\t\t\t\t\t\t\t\t<div class=\"fusion-rollover-categories\"><a href=\"https:\/\/fachschaft.arch.rwth-aachen.de\/?cat=75\" rel=\"tag\">Au\u00dfendarstellung<\/a>, <a href=\"https:\/\/fachschaft.arch.rwth-aachen.de\/?cat=126\" rel=\"tag\">Einf\u00fchrungswoche<\/a>, <a href=\"https:\/\/fachschaft.arch.rwth-aachen.de\/?cat=45\" rel=\"tag\">Events<\/a>, <a href=\"https:\/\/fachschaft.arch.rwth-aachen.de\/?cat=157\" rel=\"tag\">News<\/a>, <a href=\"https:\/\/fachschaft.arch.rwth-aachen.de\/?cat=169\" rel=\"tag\">Party<\/a><\/div>\t\t\t\t\t\n\t\t\n\t\t\t\t\t\t<a class=\"fusion-link-wrapper\" href=\"https:\/\/fachschaft.arch.rwth-aachen.de\/?p=7489\" aria-label=\"Come-Together Party im Caf\u00e9 Madrid!\"><\/a>\n\t<\/div>\n<\/div>\n<\/div>\n<\/li>\n\t\t\t\n\t\t\t\n\t\t\t\t\t\t\t\t\t\t\t\t\t\t\t\t\t\t\t\t\t\t\t\t\t\t\t\t\t\t\t\t\t\t\t\t\t\t\t\t\t\t\t\t\t\t\t\t\t\t\t\t\t\t\t\t\t\t\t\t\t\t\t\t\t\t\t\t<\/ul>\n\t<\/div>\n\t<div class=\"fusion-post-content-wrapper\" style=\"padding:30px 25px 25px 25px;\"><div class=\"fusion-post-content post-content\"><div class=\"fusion-timeline-circle\" style=\"background-color:#f2f3f5;\"><\/div><div class=\"fusion-timeline-arrow\" style=\"color:#f2f3f5;\"><\/div><h2 class=\"blog-shortcode-post-title entry-title\">Come-Together Party im Caf\u00e9 Madrid!<\/h2><span class=\"vcard\" style=\"display: none;\"><span class=\"fn\"><a href=\"https:\/\/fachschaft.arch.rwth-aachen.de\/?author=7\" title=\"Beitr\u00e4ge von noah\" rel=\"author\">noah<\/a><\/span><\/span><span class=\"updated\" style=\"display:none;\">2024-10-19T18:41:29+02:00<\/span><div class=\"fusion-content-sep sep-none\"><\/div><\/div><div class=\"fusion-meta-info\"><div class=\"fusion-alignleft\"><a class=\"fusion-read-more\" href=\"https:\/\/fachschaft.arch.rwth-aachen.de\/?p=7489\" aria-label=\"More on Come-Together Party im Caf\u00e9 Madrid!\">Read More<\/a><\/div><div class=\"fusion-alignright\"><a href=\"https:\/\/fachschaft.arch.rwth-aachen.de\/?p=7489#respond\"><i class=\"awb-icon-bubbles\" aria-hidden=\"true\"><\/i>&nbsp;0<\/a><\/div><\/div><\/div><div class=\"fusion-clearfix\"><\/div><\/div>\n<\/article>\n<\/div><h3 class=\"fusion-timeline-date\" style=\"background-color:#f2f3f5;\">Juni 2024<\/h3><div class=\"fusion-collapse-month\"><article id=\"blog-1-post-7032\" style=\"border-color:#f2f3f5;\" class=\"fusion-post-timeline fusion-clearfix fusion-left-column post-7032 post type-post status-publish format-standard has-post-thumbnail hentry category-allgemein category-aussendarstellung category-news category-party\">\n<div class=\"fusion-post-wrapper\" style=\"background-color:var(--awb-color1);\">\n\n\t\t\t<div class=\"fusion-flexslider flexslider fusion-flexslider-loading fusion-post-slideshow\" style=\"border-color:#f2f3f5;\">\n\t\t<ul class=\"slides\">\n\t\t\t\n\t\t\t\t\t\t\t\t\t\t\t\t\t\t<li><div  class=\"fusion-image-wrapper\" aria-haspopup=\"true\">\n\t\t\t\t<img decoding=\"async\" width=\"1753\" height=\"2480\" src=\"https:\/\/fachschaft.arch.rwth-aachen.de\/wp-content\/uploads\/2024\/06\/png.png\" class=\"attachment-full size-full wp-post-image\" alt=\"\" srcset=\"https:\/\/fachschaft.arch.rwth-aachen.de\/wp-content\/uploads\/2024\/06\/png-200x283.png 200w, https:\/\/fachschaft.arch.rwth-aachen.de\/wp-content\/uploads\/2024\/06\/png-400x566.png 400w, https:\/\/fachschaft.arch.rwth-aachen.de\/wp-content\/uploads\/2024\/06\/png-600x849.png 600w, https:\/\/fachschaft.arch.rwth-aachen.de\/wp-content\/uploads\/2024\/06\/png-800x1132.png 800w, https:\/\/fachschaft.arch.rwth-aachen.de\/wp-content\/uploads\/2024\/06\/png-1200x1698.png 1200w, https:\/\/fachschaft.arch.rwth-aachen.de\/wp-content\/uploads\/2024\/06\/png.png 1753w\" sizes=\"(max-width: 640px) 100vw, 40vw\" \/><div class=\"fusion-rollover\">\n\t<div class=\"fusion-rollover-content\">\n\n\t\t\t\t\t\t\t\t\t\t\t\t\t\t<a class=\"fusion-rollover-link\" href=\"https:\/\/fachschaft.arch.rwth-aachen.de\/?p=7032\">Fu\u00dfball-Turnier 2024<\/a>\n\t\t\t\n\t\t\t\t\t\t\t\t\t\t\t\t\t\t\n\t\t\t\t\t\t\t\t\n\t\t\t\t\t\t\t\t\t\t\t\t\t<div class=\"fusion-rollover-sep\"><\/div>\n\t\t\t\t\n\t\t\t\t\t\t\t\t\t\t\t\t\t\t\t\t\t\t<a class=\"fusion-rollover-gallery\" href=\"https:\/\/fachschaft.arch.rwth-aachen.de\/wp-content\/uploads\/2024\/06\/png.png\" data-options=\"\" data-id=\"7032\" data-rel=\"iLightbox[gallery]\" data-title=\"png\" data-caption=\"\">\n\t\t\t\t\t\tGallerie\t\t\t\t\t<\/a>\n\t\t\t\t\t\t\t\t\t\t\t\t\t\t\n\t\t\n\t\t\t\t\t\t\t\t\t\t\t\t<h4 class=\"fusion-rollover-title\">\n\t\t\t\t\t<a class=\"fusion-rollover-title-link\" href=\"https:\/\/fachschaft.arch.rwth-aachen.de\/?p=7032\">\n\t\t\t\t\t\tFu\u00dfball-Turnier 2024\t\t\t\t\t<\/a>\n\t\t\t\t<\/h4>\n\t\t\t\n\t\t\t\t\t\t\t\t\t\t<div class=\"fusion-rollover-categories\"><a href=\"https:\/\/fachschaft.arch.rwth-aachen.de\/?cat=1\" rel=\"tag\">Allgemein<\/a>, <a href=\"https:\/\/fachschaft.arch.rwth-aachen.de\/?cat=75\" rel=\"tag\">Au\u00dfendarstellung<\/a>, <a href=\"https:\/\/fachschaft.arch.rwth-aachen.de\/?cat=157\" rel=\"tag\">News<\/a>, <a href=\"https:\/\/fachschaft.arch.rwth-aachen.de\/?cat=169\" rel=\"tag\">Party<\/a><\/div>\t\t\t\t\t\n\t\t\n\t\t\t\t\t\t<a class=\"fusion-link-wrapper\" href=\"https:\/\/fachschaft.arch.rwth-aachen.de\/?p=7032\" aria-label=\"Fu\u00dfball-Turnier 2024\"><\/a>\n\t<\/div>\n<\/div>\n<\/div>\n<\/li>\n\t\t\t\n\t\t\t\n\t\t\t\t\t\t\t\t\t\t\t\t\t\t\t\t\t\t\t\t\t\t\t\t\t\t\t\t\t\t\t\t\t\t\t\t\t\t\t\t\t\t\t\t\t\t\t\t\t\t\t\t\t\t\t\t\t\t\t\t\t\t\t\t\t\t\t\t<\/ul>\n\t<\/div>\n\t<div class=\"fusion-post-content-wrapper\" style=\"padding:30px 25px 25px 25px;\"><div class=\"fusion-post-content post-content\"><div class=\"fusion-timeline-circle\" style=\"background-color:#f2f3f5;\"><\/div><div class=\"fusion-timeline-arrow\" style=\"color:#f2f3f5;\"><\/div><h2 class=\"blog-shortcode-post-title entry-title\">Fu\u00dfball-Turnier 2024<\/h2><span class=\"vcard\" style=\"display: none;\"><span class=\"fn\"><a href=\"https:\/\/fachschaft.arch.rwth-aachen.de\/?author=3\" title=\"Beitr\u00e4ge von John Bergmann\" rel=\"author\">John Bergmann<\/a><\/span><\/span><span class=\"updated\" style=\"display:none;\">2024-10-19T18:43:43+02:00<\/span><div class=\"fusion-content-sep sep-none\"><\/div><\/div><div class=\"fusion-meta-info\"><div class=\"fusion-alignleft\"><a class=\"fusion-read-more\" href=\"https:\/\/fachschaft.arch.rwth-aachen.de\/?p=7032\" aria-label=\"More on Fu\u00dfball-Turnier 2024\">Read More<\/a><\/div><div class=\"fusion-alignright\"><a href=\"https:\/\/fachschaft.arch.rwth-aachen.de\/?p=7032#respond\"><i class=\"awb-icon-bubbles\" aria-hidden=\"true\"><\/i>&nbsp;0<\/a><\/div><\/div><\/div><div class=\"fusion-clearfix\"><\/div><\/div>\n<\/article>\n<\/div><h3 class=\"fusion-timeline-date\" style=\"background-color:#f2f3f5;\">Mai 2024<\/h3><div class=\"fusion-collapse-month\"><article id=\"blog-1-post-7512\" style=\"border-color:#f2f3f5;\" class=\"fusion-post-timeline fusion-clearfix fusion-right-column post-7512 post type-post status-publish format-standard has-post-thumbnail hentry category-allgemein category-aussendarstellung category-events category-news category-party\">\n<div class=\"fusion-post-wrapper\" style=\"background-color:var(--awb-color1);\">\n\n\t\t\t<div class=\"fusion-flexslider flexslider fusion-flexslider-loading fusion-post-slideshow\" style=\"border-color:#f2f3f5;\">\n\t\t<ul class=\"slides\">\n\t\t\t\n\t\t\t\t\t\t\t\t\t\t\t\t\t\t<li><div  class=\"fusion-image-wrapper\" aria-haspopup=\"true\">\n\t\t\t\t<img decoding=\"async\" width=\"1810\" height=\"2560\" src=\"https:\/\/fachschaft.arch.rwth-aachen.de\/wp-content\/uploads\/2024\/10\/party12-scaled.jpg\" class=\"attachment-full size-full wp-post-image\" alt=\"\" srcset=\"https:\/\/fachschaft.arch.rwth-aachen.de\/wp-content\/uploads\/2024\/10\/party12-200x283.jpg 200w, https:\/\/fachschaft.arch.rwth-aachen.de\/wp-content\/uploads\/2024\/10\/party12-400x566.jpg 400w, https:\/\/fachschaft.arch.rwth-aachen.de\/wp-content\/uploads\/2024\/10\/party12-600x849.jpg 600w, https:\/\/fachschaft.arch.rwth-aachen.de\/wp-content\/uploads\/2024\/10\/party12-800x1131.jpg 800w, https:\/\/fachschaft.arch.rwth-aachen.de\/wp-content\/uploads\/2024\/10\/party12-1200x1697.jpg 1200w, https:\/\/fachschaft.arch.rwth-aachen.de\/wp-content\/uploads\/2024\/10\/party12-scaled.jpg 1810w\" sizes=\"(max-width: 640px) 100vw, 40vw\" \/><div class=\"fusion-rollover\">\n\t<div class=\"fusion-rollover-content\">\n\n\t\t\t\t\t\t\t\t\t\t\t\t\t\t<a class=\"fusion-rollover-link\" href=\"https:\/\/fachschaft.arch.rwth-aachen.de\/?p=7512\">Party unterm Baumhaus!<\/a>\n\t\t\t\n\t\t\t\t\t\t\t\t\t\t\t\t\t\t\n\t\t\t\t\t\t\t\t\n\t\t\t\t\t\t\t\t\t\t\t\t\t<div class=\"fusion-rollover-sep\"><\/div>\n\t\t\t\t\n\t\t\t\t\t\t\t\t\t\t\t\t\t\t\t\t\t\t<a class=\"fusion-rollover-gallery\" href=\"https:\/\/fachschaft.arch.rwth-aachen.de\/wp-content\/uploads\/2024\/10\/party12-scaled.jpg\" data-options=\"\" data-id=\"7512\" data-rel=\"iLightbox[gallery]\" data-title=\"idee poster\" data-caption=\"\">\n\t\t\t\t\t\tGallerie\t\t\t\t\t<\/a>\n\t\t\t\t\t\t\t\t\t\t\t\t\t\t\n\t\t\n\t\t\t\t\t\t\t\t\t\t\t\t<h4 class=\"fusion-rollover-title\">\n\t\t\t\t\t<a class=\"fusion-rollover-title-link\" href=\"https:\/\/fachschaft.arch.rwth-aachen.de\/?p=7512\">\n\t\t\t\t\t\tParty unterm Baumhaus!\t\t\t\t\t<\/a>\n\t\t\t\t<\/h4>\n\t\t\t\n\t\t\t\t\t\t\t\t\t\t<div class=\"fusion-rollover-categories\"><a href=\"https:\/\/fachschaft.arch.rwth-aachen.de\/?cat=1\" rel=\"tag\">Allgemein<\/a>, <a href=\"https:\/\/fachschaft.arch.rwth-aachen.de\/?cat=75\" rel=\"tag\">Au\u00dfendarstellung<\/a>, <a href=\"https:\/\/fachschaft.arch.rwth-aachen.de\/?cat=45\" rel=\"tag\">Events<\/a>, <a href=\"https:\/\/fachschaft.arch.rwth-aachen.de\/?cat=157\" rel=\"tag\">News<\/a>, <a href=\"https:\/\/fachschaft.arch.rwth-aachen.de\/?cat=169\" rel=\"tag\">Party<\/a><\/div>\t\t\t\t\t\n\t\t\n\t\t\t\t\t\t<a class=\"fusion-link-wrapper\" href=\"https:\/\/fachschaft.arch.rwth-aachen.de\/?p=7512\" aria-label=\"Party unterm Baumhaus!\"><\/a>\n\t<\/div>\n<\/div>\n<\/div>\n<\/li>\n\t\t\t\n\t\t\t\n\t\t\t\t\t\t\t\t\t\t\t\t\t\t\t\t\t\t\t\t\t\t\t\t\t\t\t\t\t\t\t\t\t\t\t\t\t\t\t\t\t\t\t\t\t\t\t\t\t\t\t\t\t\t\t\t\t\t\t\t\t\t\t\t\t\t\t\t<\/ul>\n\t<\/div>\n\t<div class=\"fusion-post-content-wrapper\" style=\"padding:30px 25px 25px 25px;\"><div class=\"fusion-post-content post-content\"><div class=\"fusion-timeline-circle\" style=\"background-color:#f2f3f5;\"><\/div><div class=\"fusion-timeline-arrow\" style=\"color:#f2f3f5;\"><\/div><h2 class=\"blog-shortcode-post-title entry-title\">Party unterm Baumhaus!<\/h2><span class=\"vcard\" style=\"display: none;\"><span class=\"fn\"><a href=\"https:\/\/fachschaft.arch.rwth-aachen.de\/?author=7\" title=\"Beitr\u00e4ge von noah\" rel=\"author\">noah<\/a><\/span><\/span><span class=\"updated\" style=\"display:none;\">2024-10-19T18:43:33+02:00<\/span><div class=\"fusion-content-sep sep-none\"><\/div><\/div><div class=\"fusion-meta-info\"><div class=\"fusion-alignleft\"><a class=\"fusion-read-more\" href=\"https:\/\/fachschaft.arch.rwth-aachen.de\/?p=7512\" aria-label=\"More on Party unterm Baumhaus!\">Read More<\/a><\/div><div class=\"fusion-alignright\"><a href=\"https:\/\/fachschaft.arch.rwth-aachen.de\/?p=7512#respond\"><i class=\"awb-icon-bubbles\" aria-hidden=\"true\"><\/i>&nbsp;0<\/a><\/div><\/div><\/div><div class=\"fusion-clearfix\"><\/div><\/div>\n<\/article>\n<article id=\"blog-1-post-7515\" style=\"border-color:#f2f3f5;\" class=\"fusion-post-timeline fusion-clearfix fusion-left-column post-7515 post type-post status-publish format-standard has-post-thumbnail hentry category-allgemein category-aussendarstellung category-events category-news category-party\">\n<div class=\"fusion-post-wrapper\" style=\"background-color:var(--awb-color1);\">\n\n\t\t\t<div class=\"fusion-flexslider flexslider fusion-flexslider-loading fusion-post-slideshow\" style=\"border-color:#f2f3f5;\">\n\t\t<ul class=\"slides\">\n\t\t\t\n\t\t\t\t\t\t\t\t\t\t\t\t\t\t<li><div  class=\"fusion-image-wrapper\" aria-haspopup=\"true\">\n\t\t\t\t<img decoding=\"async\" width=\"1080\" height=\"1350\" src=\"https:\/\/fachschaft.arch.rwth-aachen.de\/wp-content\/uploads\/2024\/10\/party11.jpg\" class=\"attachment-full size-full wp-post-image\" alt=\"\" srcset=\"https:\/\/fachschaft.arch.rwth-aachen.de\/wp-content\/uploads\/2024\/10\/party11-200x250.jpg 200w, https:\/\/fachschaft.arch.rwth-aachen.de\/wp-content\/uploads\/2024\/10\/party11-400x500.jpg 400w, https:\/\/fachschaft.arch.rwth-aachen.de\/wp-content\/uploads\/2024\/10\/party11-600x750.jpg 600w, https:\/\/fachschaft.arch.rwth-aachen.de\/wp-content\/uploads\/2024\/10\/party11-800x1000.jpg 800w, https:\/\/fachschaft.arch.rwth-aachen.de\/wp-content\/uploads\/2024\/10\/party11.jpg 1080w\" sizes=\"(max-width: 640px) 100vw, 40vw\" \/><div class=\"fusion-rollover\">\n\t<div class=\"fusion-rollover-content\">\n\n\t\t\t\t\t\t\t\t\t\t\t\t\t\t<a class=\"fusion-rollover-link\" href=\"https:\/\/fachschaft.arch.rwth-aachen.de\/?p=7515\">Hochschulradio Aachen beim Baumhaus!<\/a>\n\t\t\t\n\t\t\t\t\t\t\t\t\t\t\t\t\t\t\n\t\t\t\t\t\t\t\t\n\t\t\t\t\t\t\t\t\t\t\t\t\t<div class=\"fusion-rollover-sep\"><\/div>\n\t\t\t\t\n\t\t\t\t\t\t\t\t\t\t\t\t\t\t\t\t\t\t<a class=\"fusion-rollover-gallery\" href=\"https:\/\/fachschaft.arch.rwth-aachen.de\/wp-content\/uploads\/2024\/10\/party11.jpg\" data-options=\"\" data-id=\"7515\" data-rel=\"iLightbox[gallery]\" data-title=\"party11\" data-caption=\"\">\n\t\t\t\t\t\tGallerie\t\t\t\t\t<\/a>\n\t\t\t\t\t\t\t\t\t\t\t\t\t\t\n\t\t\n\t\t\t\t\t\t\t\t\t\t\t\t<h4 class=\"fusion-rollover-title\">\n\t\t\t\t\t<a class=\"fusion-rollover-title-link\" href=\"https:\/\/fachschaft.arch.rwth-aachen.de\/?p=7515\">\n\t\t\t\t\t\tHochschulradio Aachen beim Baumhaus!\t\t\t\t\t<\/a>\n\t\t\t\t<\/h4>\n\t\t\t\n\t\t\t\t\t\t\t\t\t\t<div class=\"fusion-rollover-categories\"><a href=\"https:\/\/fachschaft.arch.rwth-aachen.de\/?cat=1\" rel=\"tag\">Allgemein<\/a>, <a href=\"https:\/\/fachschaft.arch.rwth-aachen.de\/?cat=75\" rel=\"tag\">Au\u00dfendarstellung<\/a>, <a href=\"https:\/\/fachschaft.arch.rwth-aachen.de\/?cat=45\" rel=\"tag\">Events<\/a>, <a href=\"https:\/\/fachschaft.arch.rwth-aachen.de\/?cat=157\" rel=\"tag\">News<\/a>, <a href=\"https:\/\/fachschaft.arch.rwth-aachen.de\/?cat=169\" rel=\"tag\">Party<\/a><\/div>\t\t\t\t\t\n\t\t\n\t\t\t\t\t\t<a class=\"fusion-link-wrapper\" href=\"https:\/\/fachschaft.arch.rwth-aachen.de\/?p=7515\" aria-label=\"Hochschulradio Aachen beim Baumhaus!\"><\/a>\n\t<\/div>\n<\/div>\n<\/div>\n<\/li>\n\t\t\t\n\t\t\t\n\t\t\t\t\t\t\t\t\t\t\t\t\t\t\t\t\t\t\t\t\t\t\t\t\t\t\t\t\t\t\t\t\t\t\t\t\t\t\t\t\t\t\t\t\t\t\t\t\t\t\t\t\t\t\t\t\t\t\t\t\t\t\t\t\t\t\t\t<\/ul>\n\t<\/div>\n\t<div class=\"fusion-post-content-wrapper\" style=\"padding:30px 25px 25px 25px;\"><div class=\"fusion-post-content post-content\"><div class=\"fusion-timeline-circle\" style=\"background-color:#f2f3f5;\"><\/div><div class=\"fusion-timeline-arrow\" style=\"color:#f2f3f5;\"><\/div><h2 class=\"blog-shortcode-post-title entry-title\">Hochschulradio Aachen beim Baumhaus!<\/h2><span class=\"vcard\" style=\"display: none;\"><span class=\"fn\"><a href=\"https:\/\/fachschaft.arch.rwth-aachen.de\/?author=7\" title=\"Beitr\u00e4ge von noah\" rel=\"author\">noah<\/a><\/span><\/span><span class=\"updated\" style=\"display:none;\">2024-10-19T18:43:19+02:00<\/span><div class=\"fusion-content-sep sep-none\"><\/div><\/div><div class=\"fusion-meta-info\"><div class=\"fusion-alignleft\"><a class=\"fusion-read-more\" href=\"https:\/\/fachschaft.arch.rwth-aachen.de\/?p=7515\" aria-label=\"More on Hochschulradio Aachen beim Baumhaus!\">Read More<\/a><\/div><div class=\"fusion-alignright\"><a href=\"https:\/\/fachschaft.arch.rwth-aachen.de\/?p=7515#respond\"><i class=\"awb-icon-bubbles\" aria-hidden=\"true\"><\/i>&nbsp;0<\/a><\/div><\/div><\/div><div class=\"fusion-clearfix\"><\/div><\/div>\n<\/article>\n<\/div><h3 class=\"fusion-timeline-date\" style=\"background-color:#f2f3f5;\">April 2024<\/h3><div class=\"fusion-collapse-month\"><article id=\"blog-1-post-7520\" style=\"border-color:#f2f3f5;\" class=\"fusion-post-timeline fusion-clearfix fusion-right-column post-7520 post type-post status-publish format-standard has-post-thumbnail hentry category-allgemein category-aussendarstellung category-events category-news category-party\">\n<div class=\"fusion-post-wrapper\" style=\"background-color:var(--awb-color1);\">\n\n\t\t\t<div class=\"fusion-flexslider flexslider fusion-flexslider-loading fusion-post-slideshow\" style=\"border-color:#f2f3f5;\">\n\t\t<ul class=\"slides\">\n\t\t\t\n\t\t\t\t\t\t\t\t\t\t\t\t\t\t<li><div  class=\"fusion-image-wrapper\" aria-haspopup=\"true\">\n\t\t\t\t<img decoding=\"async\" width=\"750\" height=\"745\" src=\"https:\/\/fachschaft.arch.rwth-aachen.de\/wp-content\/uploads\/2024\/10\/party9.jpg\" class=\"attachment-full size-full wp-post-image\" alt=\"\" srcset=\"https:\/\/fachschaft.arch.rwth-aachen.de\/wp-content\/uploads\/2024\/10\/party9-200x199.jpg 200w, https:\/\/fachschaft.arch.rwth-aachen.de\/wp-content\/uploads\/2024\/10\/party9-400x397.jpg 400w, https:\/\/fachschaft.arch.rwth-aachen.de\/wp-content\/uploads\/2024\/10\/party9-600x596.jpg 600w, https:\/\/fachschaft.arch.rwth-aachen.de\/wp-content\/uploads\/2024\/10\/party9.jpg 750w\" sizes=\"(max-width: 640px) 100vw, 40vw\" \/><div class=\"fusion-rollover\">\n\t<div class=\"fusion-rollover-content\">\n\n\t\t\t\t\t\t\t\t\t\t\t\t\t\t<a class=\"fusion-rollover-link\" href=\"https:\/\/fachschaft.arch.rwth-aachen.de\/?p=7520\">Party in der Tangente<\/a>\n\t\t\t\n\t\t\t\t\t\t\t\t\t\t\t\t\t\t\n\t\t\t\t\t\t\t\t\n\t\t\t\t\t\t\t\t\t\t\t\t\t<div class=\"fusion-rollover-sep\"><\/div>\n\t\t\t\t\n\t\t\t\t\t\t\t\t\t\t\t\t\t\t\t\t\t\t<a class=\"fusion-rollover-gallery\" href=\"https:\/\/fachschaft.arch.rwth-aachen.de\/wp-content\/uploads\/2024\/10\/party9.jpg\" data-options=\"\" data-id=\"7520\" data-rel=\"iLightbox[gallery]\" data-title=\"party9\" data-caption=\"\">\n\t\t\t\t\t\tGallerie\t\t\t\t\t<\/a>\n\t\t\t\t\t\t\t\t\t\t\t\t\t\t\n\t\t\n\t\t\t\t\t\t\t\t\t\t\t\t<h4 class=\"fusion-rollover-title\">\n\t\t\t\t\t<a class=\"fusion-rollover-title-link\" href=\"https:\/\/fachschaft.arch.rwth-aachen.de\/?p=7520\">\n\t\t\t\t\t\tParty in der Tangente\t\t\t\t\t<\/a>\n\t\t\t\t<\/h4>\n\t\t\t\n\t\t\t\t\t\t\t\t\t\t<div class=\"fusion-rollover-categories\"><a href=\"https:\/\/fachschaft.arch.rwth-aachen.de\/?cat=1\" rel=\"tag\">Allgemein<\/a>, <a href=\"https:\/\/fachschaft.arch.rwth-aachen.de\/?cat=75\" rel=\"tag\">Au\u00dfendarstellung<\/a>, <a href=\"https:\/\/fachschaft.arch.rwth-aachen.de\/?cat=45\" rel=\"tag\">Events<\/a>, <a href=\"https:\/\/fachschaft.arch.rwth-aachen.de\/?cat=157\" rel=\"tag\">News<\/a>, <a href=\"https:\/\/fachschaft.arch.rwth-aachen.de\/?cat=169\" rel=\"tag\">Party<\/a><\/div>\t\t\t\t\t\n\t\t\n\t\t\t\t\t\t<a class=\"fusion-link-wrapper\" href=\"https:\/\/fachschaft.arch.rwth-aachen.de\/?p=7520\" aria-label=\"Party in der Tangente\"><\/a>\n\t<\/div>\n<\/div>\n<\/div>\n<\/li>\n\t\t\t\n\t\t\t\n\t\t\t\t\t\t\t\t\t\t\t\t\t\t\t\t\t\t\t\t\t\t\t\t\t\t\t\t\t\t\t\t\t\t\t\t\t\t\t\t\t\t\t\t\t\t\t\t\t\t\t\t\t\t\t\t\t\t\t\t\t\t\t\t\t\t\t\t<\/ul>\n\t<\/div>\n\t<div class=\"fusion-post-content-wrapper\" style=\"padding:30px 25px 25px 25px;\"><div class=\"fusion-post-content post-content\"><div class=\"fusion-timeline-circle\" style=\"background-color:#f2f3f5;\"><\/div><div class=\"fusion-timeline-arrow\" style=\"color:#f2f3f5;\"><\/div><h2 class=\"blog-shortcode-post-title entry-title\">Party in der Tangente<\/h2><span class=\"vcard\" style=\"display: none;\"><span class=\"fn\"><a href=\"https:\/\/fachschaft.arch.rwth-aachen.de\/?author=7\" title=\"Beitr\u00e4ge von noah\" rel=\"author\">noah<\/a><\/span><\/span><span class=\"updated\" style=\"display:none;\">2024-10-19T18:43:08+02:00<\/span><div class=\"fusion-content-sep sep-none\"><\/div><\/div><div class=\"fusion-meta-info\"><div class=\"fusion-alignleft\"><a class=\"fusion-read-more\" href=\"https:\/\/fachschaft.arch.rwth-aachen.de\/?p=7520\" aria-label=\"More on Party in der Tangente\">Read More<\/a><\/div><div class=\"fusion-alignright\"><a href=\"https:\/\/fachschaft.arch.rwth-aachen.de\/?p=7520#respond\"><i class=\"awb-icon-bubbles\" aria-hidden=\"true\"><\/i>&nbsp;0<\/a><\/div><\/div><\/div><div class=\"fusion-clearfix\"><\/div><\/div>\n<\/article>\n<\/div><h3 class=\"fusion-timeline-date\" style=\"background-color:#f2f3f5;\">Februar 2024<\/h3><div class=\"fusion-collapse-month\"><article id=\"blog-1-post-7529\" style=\"border-color:#f2f3f5;\" class=\"fusion-post-timeline fusion-clearfix fusion-left-column post-7529 post type-post status-publish format-standard has-post-thumbnail hentry category-allgemein category-aussendarstellung category-events category-news category-party category-projekte\">\n<div class=\"fusion-post-wrapper\" style=\"background-color:var(--awb-color1);\">\n\n\t\t\t<div class=\"fusion-flexslider flexslider fusion-flexslider-loading fusion-post-slideshow\" style=\"border-color:#f2f3f5;\">\n\t\t<ul class=\"slides\">\n\t\t\t\n\t\t\t\t\t\t\t\t\t\t\t\t\t\t<li><div  class=\"fusion-image-wrapper\" aria-haspopup=\"true\">\n\t\t\t\t<img decoding=\"async\" width=\"750\" height=\"746\" src=\"https:\/\/fachschaft.arch.rwth-aachen.de\/wp-content\/uploads\/2024\/10\/party10.jpg\" class=\"attachment-full size-full wp-post-image\" alt=\"\" srcset=\"https:\/\/fachschaft.arch.rwth-aachen.de\/wp-content\/uploads\/2024\/10\/party10-200x199.jpg 200w, https:\/\/fachschaft.arch.rwth-aachen.de\/wp-content\/uploads\/2024\/10\/party10-400x398.jpg 400w, https:\/\/fachschaft.arch.rwth-aachen.de\/wp-content\/uploads\/2024\/10\/party10-600x597.jpg 600w, https:\/\/fachschaft.arch.rwth-aachen.de\/wp-content\/uploads\/2024\/10\/party10.jpg 750w\" sizes=\"(max-width: 640px) 100vw, 40vw\" \/><div class=\"fusion-rollover\">\n\t<div class=\"fusion-rollover-content\">\n\n\t\t\t\t\t\t\t\t\t\t\t\t\t\t<a class=\"fusion-rollover-link\" href=\"https:\/\/fachschaft.arch.rwth-aachen.de\/?p=7529\">Baumhausparty zum Semersterende<\/a>\n\t\t\t\n\t\t\t\t\t\t\t\t\t\t\t\t\t\t\n\t\t\t\t\t\t\t\t\n\t\t\t\t\t\t\t\t\t\t\t\t\t<div class=\"fusion-rollover-sep\"><\/div>\n\t\t\t\t\n\t\t\t\t\t\t\t\t\t\t\t\t\t\t\t\t\t\t<a class=\"fusion-rollover-gallery\" href=\"https:\/\/fachschaft.arch.rwth-aachen.de\/wp-content\/uploads\/2024\/10\/party10.jpg\" data-options=\"\" data-id=\"7529\" data-rel=\"iLightbox[gallery]\" data-title=\"party10\" data-caption=\"\">\n\t\t\t\t\t\tGallerie\t\t\t\t\t<\/a>\n\t\t\t\t\t\t\t\t\t\t\t\t\t\t\n\t\t\n\t\t\t\t\t\t\t\t\t\t\t\t<h4 class=\"fusion-rollover-title\">\n\t\t\t\t\t<a class=\"fusion-rollover-title-link\" href=\"https:\/\/fachschaft.arch.rwth-aachen.de\/?p=7529\">\n\t\t\t\t\t\tBaumhausparty zum Semersterende\t\t\t\t\t<\/a>\n\t\t\t\t<\/h4>\n\t\t\t\n\t\t\t\t\t\t\t\t\t\t<div class=\"fusion-rollover-categories\"><a href=\"https:\/\/fachschaft.arch.rwth-aachen.de\/?cat=1\" rel=\"tag\">Allgemein<\/a>, <a href=\"https:\/\/fachschaft.arch.rwth-aachen.de\/?cat=75\" rel=\"tag\">Au\u00dfendarstellung<\/a>, <a href=\"https:\/\/fachschaft.arch.rwth-aachen.de\/?cat=45\" rel=\"tag\">Events<\/a>, <a href=\"https:\/\/fachschaft.arch.rwth-aachen.de\/?cat=157\" rel=\"tag\">News<\/a>, <a href=\"https:\/\/fachschaft.arch.rwth-aachen.de\/?cat=169\" rel=\"tag\">Party<\/a>, <a href=\"https:\/\/fachschaft.arch.rwth-aachen.de\/?cat=30\" rel=\"tag\">Projekte<\/a><\/div>\t\t\t\t\t\n\t\t\n\t\t\t\t\t\t<a class=\"fusion-link-wrapper\" href=\"https:\/\/fachschaft.arch.rwth-aachen.de\/?p=7529\" aria-label=\"Baumhausparty zum Semersterende\"><\/a>\n\t<\/div>\n<\/div>\n<\/div>\n<\/li>\n\t\t\t\n\t\t\t\n\t\t\t\t\t\t\t\t\t\t\t\t\t\t\t\t\t\t\t\t\t\t\t\t\t\t\t\t\t\t\t\t\t\t\t\t\t\t\t\t\t\t\t\t\t\t\t\t\t\t\t\t\t\t\t\t\t\t\t\t\t\t\t\t\t\t\t\t<\/ul>\n\t<\/div>\n\t<div class=\"fusion-post-content-wrapper\" style=\"padding:30px 25px 25px 25px;\"><div class=\"fusion-post-content post-content\"><div class=\"fusion-timeline-circle\" style=\"background-color:#f2f3f5;\"><\/div><div class=\"fusion-timeline-arrow\" style=\"color:#f2f3f5;\"><\/div><h2 class=\"blog-shortcode-post-title entry-title\">Baumhausparty zum Semersterende<\/h2><span class=\"vcard\" style=\"display: none;\"><span class=\"fn\"><a href=\"https:\/\/fachschaft.arch.rwth-aachen.de\/?author=7\" title=\"Beitr\u00e4ge von noah\" rel=\"author\">noah<\/a><\/span><\/span><span class=\"updated\" style=\"display:none;\">2024-10-19T18:42:53+02:00<\/span><div class=\"fusion-content-sep sep-none\"><\/div><\/div><div class=\"fusion-meta-info\"><div class=\"fusion-alignleft\"><a class=\"fusion-read-more\" href=\"https:\/\/fachschaft.arch.rwth-aachen.de\/?p=7529\" aria-label=\"More on Baumhausparty zum Semersterende\">Read More<\/a><\/div><div class=\"fusion-alignright\"><a href=\"https:\/\/fachschaft.arch.rwth-aachen.de\/?p=7529#respond\"><i class=\"awb-icon-bubbles\" aria-hidden=\"true\"><\/i>&nbsp;0<\/a><\/div><\/div><\/div><div class=\"fusion-clearfix\"><\/div><\/div>\n<\/article>\n<\/div><h3 class=\"fusion-timeline-date\" style=\"background-color:#f2f3f5;\">Dezember 2023<\/h3><div class=\"fusion-collapse-month\"><article id=\"blog-1-post-7533\" style=\"border-color:#f2f3f5;\" class=\"fusion-post-timeline fusion-clearfix fusion-right-column post-7533 post type-post status-publish format-standard has-post-thumbnail hentry category-allgemein category-aussendarstellung category-events category-news category-party\">\n<div class=\"fusion-post-wrapper\" style=\"background-color:var(--awb-color1);\">\n\n\t\t\t<div class=\"fusion-flexslider flexslider fusion-flexslider-loading fusion-post-slideshow\" style=\"border-color:#f2f3f5;\">\n\t\t<ul class=\"slides\">\n\t\t\t\n\t\t\t\t\t\t\t\t\t\t\t\t\t\t<li><div  class=\"fusion-image-wrapper\" aria-haspopup=\"true\">\n\t\t\t\t<img decoding=\"async\" width=\"750\" height=\"739\" src=\"https:\/\/fachschaft.arch.rwth-aachen.de\/wp-content\/uploads\/2023\/12\/party3.jpg\" class=\"attachment-full size-full wp-post-image\" alt=\"\" srcset=\"https:\/\/fachschaft.arch.rwth-aachen.de\/wp-content\/uploads\/2023\/12\/party3-200x197.jpg 200w, https:\/\/fachschaft.arch.rwth-aachen.de\/wp-content\/uploads\/2023\/12\/party3-400x394.jpg 400w, https:\/\/fachschaft.arch.rwth-aachen.de\/wp-content\/uploads\/2023\/12\/party3-600x591.jpg 600w, https:\/\/fachschaft.arch.rwth-aachen.de\/wp-content\/uploads\/2023\/12\/party3.jpg 750w\" sizes=\"(max-width: 640px) 100vw, 40vw\" \/><div class=\"fusion-rollover\">\n\t<div class=\"fusion-rollover-content\">\n\n\t\t\t\t\t\t\t\t\t\t\t\t\t\t<a class=\"fusion-rollover-link\" href=\"https:\/\/fachschaft.arch.rwth-aachen.de\/?p=7533\">Archi Tekk Tour 4 @ Hoteleuropa<\/a>\n\t\t\t\n\t\t\t\t\t\t\t\t\t\t\t\t\t\t\n\t\t\t\t\t\t\t\t\n\t\t\t\t\t\t\t\t\t\t\t\t\t<div class=\"fusion-rollover-sep\"><\/div>\n\t\t\t\t\n\t\t\t\t\t\t\t\t\t\t\t\t\t\t\t\t\t\t<a class=\"fusion-rollover-gallery\" href=\"https:\/\/fachschaft.arch.rwth-aachen.de\/wp-content\/uploads\/2023\/12\/party3.jpg\" data-options=\"\" data-id=\"7533\" data-rel=\"iLightbox[gallery]\" data-title=\"party3\" data-caption=\"\">\n\t\t\t\t\t\tGallerie\t\t\t\t\t<\/a>\n\t\t\t\t\t\t\t\t\t\t\t\t\t\t\n\t\t\n\t\t\t\t\t\t\t\t\t\t\t\t<h4 class=\"fusion-rollover-title\">\n\t\t\t\t\t<a class=\"fusion-rollover-title-link\" href=\"https:\/\/fachschaft.arch.rwth-aachen.de\/?p=7533\">\n\t\t\t\t\t\tArchi Tekk Tour 4 @ Hoteleuropa\t\t\t\t\t<\/a>\n\t\t\t\t<\/h4>\n\t\t\t\n\t\t\t\t\t\t\t\t\t\t<div class=\"fusion-rollover-categories\"><a href=\"https:\/\/fachschaft.arch.rwth-aachen.de\/?cat=1\" rel=\"tag\">Allgemein<\/a>, <a href=\"https:\/\/fachschaft.arch.rwth-aachen.de\/?cat=75\" rel=\"tag\">Au\u00dfendarstellung<\/a>, <a href=\"https:\/\/fachschaft.arch.rwth-aachen.de\/?cat=45\" rel=\"tag\">Events<\/a>, <a href=\"https:\/\/fachschaft.arch.rwth-aachen.de\/?cat=157\" rel=\"tag\">News<\/a>, <a href=\"https:\/\/fachschaft.arch.rwth-aachen.de\/?cat=169\" rel=\"tag\">Party<\/a><\/div>\t\t\t\t\t\n\t\t\n\t\t\t\t\t\t<a class=\"fusion-link-wrapper\" href=\"https:\/\/fachschaft.arch.rwth-aachen.de\/?p=7533\" aria-label=\"Archi Tekk Tour 4 @ Hoteleuropa\"><\/a>\n\t<\/div>\n<\/div>\n<\/div>\n<\/li>\n\t\t\t\n\t\t\t\n\t\t\t\t\t\t\t\t\t\t\t\t\t\t\t\t\t\t\t\t\t\t\t\t\t\t\t\t\t\t\t\t\t\t\t\t\t\t\t\t\t\t\t\t\t\t\t\t\t\t\t\t\t\t\t\t\t\t\t\t\t\t\t\t\t\t\t\t<\/ul>\n\t<\/div>\n\t<div class=\"fusion-post-content-wrapper\" style=\"padding:30px 25px 25px 25px;\"><div class=\"fusion-post-content post-content\"><div class=\"fusion-timeline-circle\" style=\"background-color:#f2f3f5;\"><\/div><div class=\"fusion-timeline-arrow\" style=\"color:#f2f3f5;\"><\/div><h2 class=\"blog-shortcode-post-title entry-title\">Archi Tekk Tour 4 @ Hoteleuropa<\/h2><span class=\"vcard\" style=\"display: none;\"><span class=\"fn\"><a href=\"https:\/\/fachschaft.arch.rwth-aachen.de\/?author=7\" title=\"Beitr\u00e4ge von noah\" rel=\"author\">noah<\/a><\/span><\/span><span class=\"updated\" style=\"display:none;\">2024-10-19T18:42:35+02:00<\/span><div class=\"fusion-content-sep sep-none\"><\/div><\/div><div class=\"fusion-meta-info\"><div class=\"fusion-alignleft\"><a class=\"fusion-read-more\" href=\"https:\/\/fachschaft.arch.rwth-aachen.de\/?p=7533\" aria-label=\"More on Archi Tekk Tour 4 @ Hoteleuropa\">Read More<\/a><\/div><div class=\"fusion-alignright\"><a href=\"https:\/\/fachschaft.arch.rwth-aachen.de\/?p=7533#respond\"><i class=\"awb-icon-bubbles\" aria-hidden=\"true\"><\/i>&nbsp;0<\/a><\/div><\/div><\/div><div class=\"fusion-clearfix\"><\/div><\/div>\n<\/article>\n<article id=\"blog-1-post-7535\" style=\"border-color:#f2f3f5;\" class=\"fusion-post-timeline fusion-clearfix fusion-left-column post-7535 post type-post status-publish format-standard has-post-thumbnail hentry category-allgemein category-aussendarstellung category-events category-news category-party\">\n<div class=\"fusion-post-wrapper\" style=\"background-color:var(--awb-color1);\">\n\n\t\t\t<div class=\"fusion-flexslider flexslider fusion-flexslider-loading fusion-post-slideshow\" style=\"border-color:#f2f3f5;\">\n\t\t<ul class=\"slides\">\n\t\t\t\n\t\t\t\t\t\t\t\t\t\t\t\t\t\t<li><div  class=\"fusion-image-wrapper\" aria-haspopup=\"true\">\n\t\t\t\t<img decoding=\"async\" width=\"750\" height=\"735\" src=\"https:\/\/fachschaft.arch.rwth-aachen.de\/wp-content\/uploads\/2023\/12\/party2.jpg\" class=\"attachment-full size-full wp-post-image\" alt=\"\" srcset=\"https:\/\/fachschaft.arch.rwth-aachen.de\/wp-content\/uploads\/2023\/12\/party2-200x196.jpg 200w, https:\/\/fachschaft.arch.rwth-aachen.de\/wp-content\/uploads\/2023\/12\/party2-400x392.jpg 400w, https:\/\/fachschaft.arch.rwth-aachen.de\/wp-content\/uploads\/2023\/12\/party2-600x588.jpg 600w, https:\/\/fachschaft.arch.rwth-aachen.de\/wp-content\/uploads\/2023\/12\/party2.jpg 750w\" sizes=\"(max-width: 640px) 100vw, 40vw\" \/><div class=\"fusion-rollover\">\n\t<div class=\"fusion-rollover-content\">\n\n\t\t\t\t\t\t\t\t\t\t\t\t\t\t<a class=\"fusion-rollover-link\" href=\"https:\/\/fachschaft.arch.rwth-aachen.de\/?p=7535\">Archi Tekk Tour 3 @ Stadtsall + Nox<\/a>\n\t\t\t\n\t\t\t\t\t\t\t\t\t\t\t\t\t\t\n\t\t\t\t\t\t\t\t\n\t\t\t\t\t\t\t\t\t\t\t\t\t<div class=\"fusion-rollover-sep\"><\/div>\n\t\t\t\t\n\t\t\t\t\t\t\t\t\t\t\t\t\t\t\t\t\t\t<a class=\"fusion-rollover-gallery\" href=\"https:\/\/fachschaft.arch.rwth-aachen.de\/wp-content\/uploads\/2023\/12\/party2.jpg\" data-options=\"\" data-id=\"7535\" data-rel=\"iLightbox[gallery]\" data-title=\"party2\" data-caption=\"\">\n\t\t\t\t\t\tGallerie\t\t\t\t\t<\/a>\n\t\t\t\t\t\t\t\t\t\t\t\t\t\t\n\t\t\n\t\t\t\t\t\t\t\t\t\t\t\t<h4 class=\"fusion-rollover-title\">\n\t\t\t\t\t<a class=\"fusion-rollover-title-link\" href=\"https:\/\/fachschaft.arch.rwth-aachen.de\/?p=7535\">\n\t\t\t\t\t\tArchi Tekk Tour 3 @ Stadtsall + Nox\t\t\t\t\t<\/a>\n\t\t\t\t<\/h4>\n\t\t\t\n\t\t\t\t\t\t\t\t\t\t<div class=\"fusion-rollover-categories\"><a href=\"https:\/\/fachschaft.arch.rwth-aachen.de\/?cat=1\" rel=\"tag\">Allgemein<\/a>, <a href=\"https:\/\/fachschaft.arch.rwth-aachen.de\/?cat=75\" rel=\"tag\">Au\u00dfendarstellung<\/a>, <a href=\"https:\/\/fachschaft.arch.rwth-aachen.de\/?cat=45\" rel=\"tag\">Events<\/a>, <a href=\"https:\/\/fachschaft.arch.rwth-aachen.de\/?cat=157\" rel=\"tag\">News<\/a>, <a href=\"https:\/\/fachschaft.arch.rwth-aachen.de\/?cat=169\" rel=\"tag\">Party<\/a><\/div>\t\t\t\t\t\n\t\t\n\t\t\t\t\t\t<a class=\"fusion-link-wrapper\" href=\"https:\/\/fachschaft.arch.rwth-aachen.de\/?p=7535\" aria-label=\"Archi Tekk Tour 3 @ Stadtsall + Nox\"><\/a>\n\t<\/div>\n<\/div>\n<\/div>\n<\/li>\n\t\t\t\n\t\t\t\n\t\t\t\t\t\t\t\t\t\t\t\t\t\t\t\t\t\t\t\t\t\t\t\t\t\t\t\t\t\t\t\t\t\t\t\t\t\t\t\t\t\t\t\t\t\t\t\t\t\t\t\t\t\t\t\t\t\t\t\t\t\t\t\t\t\t\t\t<\/ul>\n\t<\/div>\n\t<div class=\"fusion-post-content-wrapper\" style=\"padding:30px 25px 25px 25px;\"><div class=\"fusion-post-content post-content\"><div class=\"fusion-timeline-circle\" style=\"background-color:#f2f3f5;\"><\/div><div class=\"fusion-timeline-arrow\" style=\"color:#f2f3f5;\"><\/div><h2 class=\"blog-shortcode-post-title entry-title\">Archi Tekk Tour 3 @ Stadtsall + Nox<\/h2><span class=\"vcard\" style=\"display: none;\"><span class=\"fn\"><a href=\"https:\/\/fachschaft.arch.rwth-aachen.de\/?author=7\" title=\"Beitr\u00e4ge von noah\" rel=\"author\">noah<\/a><\/span><\/span><span class=\"updated\" style=\"display:none;\">2024-10-19T18:42:18+02:00<\/span><div class=\"fusion-content-sep sep-none\"><\/div><\/div><div class=\"fusion-meta-info\"><div class=\"fusion-alignleft\"><a class=\"fusion-read-more\" href=\"https:\/\/fachschaft.arch.rwth-aachen.de\/?p=7535\" aria-label=\"More on Archi Tekk Tour 3 @ Stadtsall + Nox\">Read More<\/a><\/div><div class=\"fusion-alignright\"><a href=\"https:\/\/fachschaft.arch.rwth-aachen.de\/?p=7535#respond\"><i class=\"awb-icon-bubbles\" aria-hidden=\"true\"><\/i>&nbsp;0<\/a><\/div><\/div><\/div><div class=\"fusion-clearfix\"><\/div><\/div>\n<\/article>\n<\/div><h3 class=\"fusion-timeline-date\" style=\"background-color:#f2f3f5;\">November 2023<\/h3><div class=\"fusion-collapse-month\"><article id=\"blog-1-post-7539\" style=\"border-color:#f2f3f5;\" class=\"fusion-post-timeline fusion-clearfix fusion-right-column post-7539 post type-post status-publish format-standard has-post-thumbnail hentry category-allgemein category-aussendarstellung category-events category-news category-party\">\n<div class=\"fusion-post-wrapper\" style=\"background-color:var(--awb-color1);\">\n\n\t\t\t<div class=\"fusion-flexslider flexslider fusion-flexslider-loading fusion-post-slideshow\" style=\"border-color:#f2f3f5;\">\n\t\t<ul class=\"slides\">\n\t\t\t\n\t\t\t\t\t\t\t\t\t\t\t\t\t\t<li><div  class=\"fusion-image-wrapper\" aria-haspopup=\"true\">\n\t\t\t\t<img decoding=\"async\" width=\"750\" height=\"737\" src=\"https:\/\/fachschaft.arch.rwth-aachen.de\/wp-content\/uploads\/2023\/11\/party8.jpg\" class=\"attachment-full size-full wp-post-image\" alt=\"\" srcset=\"https:\/\/fachschaft.arch.rwth-aachen.de\/wp-content\/uploads\/2023\/11\/party8-200x197.jpg 200w, https:\/\/fachschaft.arch.rwth-aachen.de\/wp-content\/uploads\/2023\/11\/party8-400x393.jpg 400w, https:\/\/fachschaft.arch.rwth-aachen.de\/wp-content\/uploads\/2023\/11\/party8-600x590.jpg 600w, https:\/\/fachschaft.arch.rwth-aachen.de\/wp-content\/uploads\/2023\/11\/party8.jpg 750w\" sizes=\"(max-width: 640px) 100vw, 40vw\" \/><div class=\"fusion-rollover\">\n\t<div class=\"fusion-rollover-content\">\n\n\t\t\t\t\t\t\t\t\t\t\t\t\t\t<a class=\"fusion-rollover-link\" href=\"https:\/\/fachschaft.arch.rwth-aachen.de\/?p=7539\">Fakult\u00e4ts-Weihnachtsfeier in der Tagente<\/a>\n\t\t\t\n\t\t\t\t\t\t\t\t\t\t\t\t\t\t\n\t\t\t\t\t\t\t\t\n\t\t\t\t\t\t\t\t\t\t\t\t\t<div class=\"fusion-rollover-sep\"><\/div>\n\t\t\t\t\n\t\t\t\t\t\t\t\t\t\t\t\t\t\t\t\t\t\t<a class=\"fusion-rollover-gallery\" href=\"https:\/\/fachschaft.arch.rwth-aachen.de\/wp-content\/uploads\/2023\/11\/party8.jpg\" data-options=\"\" data-id=\"7539\" data-rel=\"iLightbox[gallery]\" data-title=\"party8\" data-caption=\"\">\n\t\t\t\t\t\tGallerie\t\t\t\t\t<\/a>\n\t\t\t\t\t\t\t\t\t\t\t\t\t\t\n\t\t\n\t\t\t\t\t\t\t\t\t\t\t\t<h4 class=\"fusion-rollover-title\">\n\t\t\t\t\t<a class=\"fusion-rollover-title-link\" href=\"https:\/\/fachschaft.arch.rwth-aachen.de\/?p=7539\">\n\t\t\t\t\t\tFakult\u00e4ts-Weihnachtsfeier in der Tagente\t\t\t\t\t<\/a>\n\t\t\t\t<\/h4>\n\t\t\t\n\t\t\t\t\t\t\t\t\t\t<div class=\"fusion-rollover-categories\"><a href=\"https:\/\/fachschaft.arch.rwth-aachen.de\/?cat=1\" rel=\"tag\">Allgemein<\/a>, <a href=\"https:\/\/fachschaft.arch.rwth-aachen.de\/?cat=75\" rel=\"tag\">Au\u00dfendarstellung<\/a>, <a href=\"https:\/\/fachschaft.arch.rwth-aachen.de\/?cat=45\" rel=\"tag\">Events<\/a>, <a href=\"https:\/\/fachschaft.arch.rwth-aachen.de\/?cat=157\" rel=\"tag\">News<\/a>, <a href=\"https:\/\/fachschaft.arch.rwth-aachen.de\/?cat=169\" rel=\"tag\">Party<\/a><\/div>\t\t\t\t\t\n\t\t\n\t\t\t\t\t\t<a class=\"fusion-link-wrapper\" href=\"https:\/\/fachschaft.arch.rwth-aachen.de\/?p=7539\" aria-label=\"Fakult\u00e4ts-Weihnachtsfeier in der Tagente\"><\/a>\n\t<\/div>\n<\/div>\n<\/div>\n<\/li>\n\t\t\t\n\t\t\t\n\t\t\t\t\t\t\t\t\t\t\t\t\t\t\t\t\t\t\t\t\t\t\t\t\t\t\t\t\t\t\t\t\t\t\t\t\t\t\t\t\t\t\t\t\t\t\t\t\t\t\t\t\t\t\t\t\t\t\t\t\t\t\t\t\t\t\t\t<\/ul>\n\t<\/div>\n\t<div class=\"fusion-post-content-wrapper\" style=\"padding:30px 25px 25px 25px;\"><div class=\"fusion-post-content post-content\"><div class=\"fusion-timeline-circle\" style=\"background-color:#f2f3f5;\"><\/div><div class=\"fusion-timeline-arrow\" style=\"color:#f2f3f5;\"><\/div><h2 class=\"blog-shortcode-post-title entry-title\">Fakult\u00e4ts-Weihnachtsfeier in der Tagente<\/h2><span class=\"vcard\" style=\"display: none;\"><span class=\"fn\"><a href=\"https:\/\/fachschaft.arch.rwth-aachen.de\/?author=7\" title=\"Beitr\u00e4ge von noah\" rel=\"author\">noah<\/a><\/span><\/span><span class=\"updated\" style=\"display:none;\">2024-10-19T18:42:05+02:00<\/span><div class=\"fusion-content-sep sep-none\"><\/div><\/div><div class=\"fusion-meta-info\"><div class=\"fusion-alignleft\"><a class=\"fusion-read-more\" href=\"https:\/\/fachschaft.arch.rwth-aachen.de\/?p=7539\" aria-label=\"More on Fakult\u00e4ts-Weihnachtsfeier in der Tagente\">Read More<\/a><\/div><div class=\"fusion-alignright\"><a href=\"https:\/\/fachschaft.arch.rwth-aachen.de\/?p=7539#respond\"><i class=\"awb-icon-bubbles\" aria-hidden=\"true\"><\/i>&nbsp;0<\/a><\/div><\/div><\/div><div class=\"fusion-clearfix\"><\/div><\/div>\n<\/article>\n<article id=\"blog-1-post-7542\" style=\"border-color:#f2f3f5;\" class=\"fusion-post-timeline fusion-clearfix fusion-left-column post-7542 post type-post status-publish format-standard has-post-thumbnail hentry category-allgemein category-aussendarstellung category-events category-news category-party\">\n<div class=\"fusion-post-wrapper\" style=\"background-color:var(--awb-color1);\">\n\n\t\t\t<div class=\"fusion-flexslider flexslider fusion-flexslider-loading fusion-post-slideshow\" style=\"border-color:#f2f3f5;\">\n\t\t<ul class=\"slides\">\n\t\t\t\n\t\t\t\t\t\t\t\t\t\t\t\t\t\t<li><div  class=\"fusion-image-wrapper\" aria-haspopup=\"true\">\n\t\t\t\t<img decoding=\"async\" width=\"750\" height=\"733\" src=\"https:\/\/fachschaft.arch.rwth-aachen.de\/wp-content\/uploads\/2023\/11\/party4.jpg\" class=\"attachment-full size-full wp-post-image\" alt=\"\" srcset=\"https:\/\/fachschaft.arch.rwth-aachen.de\/wp-content\/uploads\/2023\/11\/party4-200x195.jpg 200w, https:\/\/fachschaft.arch.rwth-aachen.de\/wp-content\/uploads\/2023\/11\/party4-400x391.jpg 400w, https:\/\/fachschaft.arch.rwth-aachen.de\/wp-content\/uploads\/2023\/11\/party4-600x586.jpg 600w, https:\/\/fachschaft.arch.rwth-aachen.de\/wp-content\/uploads\/2023\/11\/party4.jpg 750w\" sizes=\"(max-width: 640px) 100vw, 40vw\" \/><div class=\"fusion-rollover\">\n\t<div class=\"fusion-rollover-content\">\n\n\t\t\t\t\t\t\t\t\t\t\t\t\t\t<a class=\"fusion-rollover-link\" href=\"https:\/\/fachschaft.arch.rwth-aachen.de\/?p=7542\">Archi Tekk Tour 2 @ Lessie Fair<\/a>\n\t\t\t\n\t\t\t\t\t\t\t\t\t\t\t\t\t\t\n\t\t\t\t\t\t\t\t\n\t\t\t\t\t\t\t\t\t\t\t\t\t<div class=\"fusion-rollover-sep\"><\/div>\n\t\t\t\t\n\t\t\t\t\t\t\t\t\t\t\t\t\t\t\t\t\t\t<a class=\"fusion-rollover-gallery\" href=\"https:\/\/fachschaft.arch.rwth-aachen.de\/wp-content\/uploads\/2023\/11\/party4.jpg\" data-options=\"\" data-id=\"7542\" data-rel=\"iLightbox[gallery]\" data-title=\"party4\" data-caption=\"\">\n\t\t\t\t\t\tGallerie\t\t\t\t\t<\/a>\n\t\t\t\t\t\t\t\t\t\t\t\t\t\t\n\t\t\n\t\t\t\t\t\t\t\t\t\t\t\t<h4 class=\"fusion-rollover-title\">\n\t\t\t\t\t<a class=\"fusion-rollover-title-link\" href=\"https:\/\/fachschaft.arch.rwth-aachen.de\/?p=7542\">\n\t\t\t\t\t\tArchi Tekk Tour 2 @ Lessie Fair\t\t\t\t\t<\/a>\n\t\t\t\t<\/h4>\n\t\t\t\n\t\t\t\t\t\t\t\t\t\t<div class=\"fusion-rollover-categories\"><a href=\"https:\/\/fachschaft.arch.rwth-aachen.de\/?cat=1\" rel=\"tag\">Allgemein<\/a>, <a href=\"https:\/\/fachschaft.arch.rwth-aachen.de\/?cat=75\" rel=\"tag\">Au\u00dfendarstellung<\/a>, <a href=\"https:\/\/fachschaft.arch.rwth-aachen.de\/?cat=45\" rel=\"tag\">Events<\/a>, <a href=\"https:\/\/fachschaft.arch.rwth-aachen.de\/?cat=157\" rel=\"tag\">News<\/a>, <a href=\"https:\/\/fachschaft.arch.rwth-aachen.de\/?cat=169\" rel=\"tag\">Party<\/a><\/div>\t\t\t\t\t\n\t\t\n\t\t\t\t\t\t<a class=\"fusion-link-wrapper\" href=\"https:\/\/fachschaft.arch.rwth-aachen.de\/?p=7542\" aria-label=\"Archi Tekk Tour 2 @ Lessie Fair\"><\/a>\n\t<\/div>\n<\/div>\n<\/div>\n<\/li>\n\t\t\t\n\t\t\t\n\t\t\t\t\t\t\t\t\t\t\t\t\t\t\t\t\t\t\t\t\t\t\t\t\t\t\t\t\t\t\t\t\t\t\t\t\t\t\t\t\t\t\t\t\t\t\t\t\t\t\t\t\t\t\t\t\t\t\t\t\t\t\t\t\t\t\t\t<\/ul>\n\t<\/div>\n\t<div class=\"fusion-post-content-wrapper\" style=\"padding:30px 25px 25px 25px;\"><div class=\"fusion-post-content post-content\"><div class=\"fusion-timeline-circle\" style=\"background-color:#f2f3f5;\"><\/div><div class=\"fusion-timeline-arrow\" style=\"color:#f2f3f5;\"><\/div><h2 class=\"blog-shortcode-post-title entry-title\">Archi Tekk Tour 2 @ Lessie Fair<\/h2><span class=\"vcard\" style=\"display: none;\"><span class=\"fn\"><a href=\"https:\/\/fachschaft.arch.rwth-aachen.de\/?author=7\" title=\"Beitr\u00e4ge von noah\" rel=\"author\">noah<\/a><\/span><\/span><span class=\"updated\" style=\"display:none;\">2024-10-19T18:46:01+02:00<\/span><div class=\"fusion-content-sep sep-none\"><\/div><\/div><div class=\"fusion-meta-info\"><div class=\"fusion-alignleft\"><a class=\"fusion-read-more\" href=\"https:\/\/fachschaft.arch.rwth-aachen.de\/?p=7542\" aria-label=\"More on Archi Tekk Tour 2 @ Lessie Fair\">Read More<\/a><\/div><div class=\"fusion-alignright\"><a href=\"https:\/\/fachschaft.arch.rwth-aachen.de\/?p=7542#respond\"><i class=\"awb-icon-bubbles\" aria-hidden=\"true\"><\/i>&nbsp;0<\/a><\/div><\/div><\/div><div class=\"fusion-clearfix\"><\/div><\/div>\n<\/article>\n<\/div><h3 class=\"fusion-timeline-date\" style=\"background-color:#f2f3f5;\">Oktober 2023<\/h3><div class=\"fusion-collapse-month\"><article id=\"blog-1-post-7547\" style=\"border-color:#f2f3f5;\" class=\"fusion-post-timeline fusion-clearfix fusion-right-column post-7547 post type-post status-publish format-standard has-post-thumbnail hentry category-allgemein category-aussendarstellung category-events category-news category-party\">\n<div class=\"fusion-post-wrapper\" style=\"background-color:var(--awb-color1);\">\n\n\t\t\t<div class=\"fusion-flexslider flexslider fusion-flexslider-loading fusion-post-slideshow\" style=\"border-color:#f2f3f5;\">\n\t\t<ul class=\"slides\">\n\t\t\t\n\t\t\t\t\t\t\t\t\t\t\t\t\t\t<li><div  class=\"fusion-image-wrapper\" aria-haspopup=\"true\">\n\t\t\t\t<img decoding=\"async\" width=\"750\" height=\"738\" src=\"https:\/\/fachschaft.arch.rwth-aachen.de\/wp-content\/uploads\/2024\/10\/party5.jpg\" class=\"attachment-full size-full wp-post-image\" alt=\"\" srcset=\"https:\/\/fachschaft.arch.rwth-aachen.de\/wp-content\/uploads\/2024\/10\/party5-200x197.jpg 200w, https:\/\/fachschaft.arch.rwth-aachen.de\/wp-content\/uploads\/2024\/10\/party5-400x394.jpg 400w, https:\/\/fachschaft.arch.rwth-aachen.de\/wp-content\/uploads\/2024\/10\/party5-600x590.jpg 600w, https:\/\/fachschaft.arch.rwth-aachen.de\/wp-content\/uploads\/2024\/10\/party5.jpg 750w\" sizes=\"(max-width: 640px) 100vw, 40vw\" \/><div class=\"fusion-rollover\">\n\t<div class=\"fusion-rollover-content\">\n\n\t\t\t\t\t\t\t\t\t\t\t\t\t\t<a class=\"fusion-rollover-link\" href=\"https:\/\/fachschaft.arch.rwth-aachen.de\/?p=7547\">Ersti-Parties unterm Baumhaus<\/a>\n\t\t\t\n\t\t\t\t\t\t\t\t\t\t\t\t\t\t\n\t\t\t\t\t\t\t\t\n\t\t\t\t\t\t\t\t\t\t\t\t\t<div class=\"fusion-rollover-sep\"><\/div>\n\t\t\t\t\n\t\t\t\t\t\t\t\t\t\t\t\t\t\t\t\t\t\t<a class=\"fusion-rollover-gallery\" href=\"https:\/\/fachschaft.arch.rwth-aachen.de\/wp-content\/uploads\/2024\/10\/party5.jpg\" data-options=\"\" data-id=\"7547\" data-rel=\"iLightbox[gallery]\" data-title=\"party5\" data-caption=\"\">\n\t\t\t\t\t\tGallerie\t\t\t\t\t<\/a>\n\t\t\t\t\t\t\t\t\t\t\t\t\t\t\n\t\t\n\t\t\t\t\t\t\t\t\t\t\t\t<h4 class=\"fusion-rollover-title\">\n\t\t\t\t\t<a class=\"fusion-rollover-title-link\" href=\"https:\/\/fachschaft.arch.rwth-aachen.de\/?p=7547\">\n\t\t\t\t\t\tErsti-Parties unterm Baumhaus\t\t\t\t\t<\/a>\n\t\t\t\t<\/h4>\n\t\t\t\n\t\t\t\t\t\t\t\t\t\t<div class=\"fusion-rollover-categories\"><a href=\"https:\/\/fachschaft.arch.rwth-aachen.de\/?cat=1\" rel=\"tag\">Allgemein<\/a>, <a href=\"https:\/\/fachschaft.arch.rwth-aachen.de\/?cat=75\" rel=\"tag\">Au\u00dfendarstellung<\/a>, <a href=\"https:\/\/fachschaft.arch.rwth-aachen.de\/?cat=45\" rel=\"tag\">Events<\/a>, <a href=\"https:\/\/fachschaft.arch.rwth-aachen.de\/?cat=157\" rel=\"tag\">News<\/a>, <a href=\"https:\/\/fachschaft.arch.rwth-aachen.de\/?cat=169\" rel=\"tag\">Party<\/a><\/div>\t\t\t\t\t\n\t\t\n\t\t\t\t\t\t<a class=\"fusion-link-wrapper\" href=\"https:\/\/fachschaft.arch.rwth-aachen.de\/?p=7547\" aria-label=\"Ersti-Parties unterm Baumhaus\"><\/a>\n\t<\/div>\n<\/div>\n<\/div>\n<\/li>\n\t\t\t\n\t\t\t\n\t\t\t\t\t\t\t\t\t\t\t\t\t\t\t\t\t\t\t\t\t\t\t\t\t\t\t\t\t\t\t\t\t\t\t\t\t\t\t\t\t\t\t\t\t\t\t\t\t\t\t\t\t\t\t\t\t\t\t\t\t\t\t\t\t\t\t\t<\/ul>\n\t<\/div>\n\t<div class=\"fusion-post-content-wrapper\" style=\"padding:30px 25px 25px 25px;\"><div class=\"fusion-post-content post-content\"><div class=\"fusion-timeline-circle\" style=\"background-color:#f2f3f5;\"><\/div><div class=\"fusion-timeline-arrow\" style=\"color:#f2f3f5;\"><\/div><h2 class=\"blog-shortcode-post-title entry-title\">Ersti-Parties unterm Baumhaus<\/h2><span class=\"vcard\" style=\"display: none;\"><span class=\"fn\"><a href=\"https:\/\/fachschaft.arch.rwth-aachen.de\/?author=7\" title=\"Beitr\u00e4ge von noah\" rel=\"author\">noah<\/a><\/span><\/span><span class=\"updated\" style=\"display:none;\">2024-10-19T18:47:29+02:00<\/span><div class=\"fusion-content-sep sep-none\"><\/div><\/div><div class=\"fusion-meta-info\"><div class=\"fusion-alignleft\"><a class=\"fusion-read-more\" href=\"https:\/\/fachschaft.arch.rwth-aachen.de\/?p=7547\" aria-label=\"More on Ersti-Parties unterm Baumhaus\">Read More<\/a><\/div><div class=\"fusion-alignright\"><a href=\"https:\/\/fachschaft.arch.rwth-aachen.de\/?p=7547#respond\"><i class=\"awb-icon-bubbles\" aria-hidden=\"true\"><\/i>&nbsp;0<\/a><\/div><\/div><\/div><div class=\"fusion-clearfix\"><\/div><\/div>\n<\/article>\n<\/div><h3 class=\"fusion-timeline-date\" style=\"background-color:#f2f3f5;\">September 2023<\/h3><div class=\"fusion-collapse-month\"><article id=\"blog-1-post-7550\" style=\"border-color:#f2f3f5;\" class=\"fusion-post-timeline fusion-clearfix fusion-left-column post-7550 post type-post status-publish format-standard has-post-thumbnail hentry category-allgemein category-aussendarstellung category-events category-news category-party\">\n<div class=\"fusion-post-wrapper\" style=\"background-color:var(--awb-color1);\">\n\n\t\t\t<div class=\"fusion-flexslider flexslider fusion-flexslider-loading fusion-post-slideshow\" style=\"border-color:#f2f3f5;\">\n\t\t<ul class=\"slides\">\n\t\t\t\n\t\t\t\t\t\t\t\t\t\t\t\t\t\t<li><div  class=\"fusion-image-wrapper\" aria-haspopup=\"true\">\n\t\t\t\t<img decoding=\"async\" width=\"750\" height=\"739\" src=\"https:\/\/fachschaft.arch.rwth-aachen.de\/wp-content\/uploads\/2024\/10\/party6.jpg\" class=\"attachment-full size-full wp-post-image\" alt=\"\" srcset=\"https:\/\/fachschaft.arch.rwth-aachen.de\/wp-content\/uploads\/2024\/10\/party6-200x197.jpg 200w, https:\/\/fachschaft.arch.rwth-aachen.de\/wp-content\/uploads\/2024\/10\/party6-400x394.jpg 400w, https:\/\/fachschaft.arch.rwth-aachen.de\/wp-content\/uploads\/2024\/10\/party6-600x591.jpg 600w, https:\/\/fachschaft.arch.rwth-aachen.de\/wp-content\/uploads\/2024\/10\/party6.jpg 750w\" sizes=\"(max-width: 640px) 100vw, 40vw\" \/><div class=\"fusion-rollover\">\n\t<div class=\"fusion-rollover-content\">\n\n\t\t\t\t\t\t\t\t\t\t\t\t\t\t<a class=\"fusion-rollover-link\" href=\"https:\/\/fachschaft.arch.rwth-aachen.de\/?p=7550\">Architektenparty im Nox<\/a>\n\t\t\t\n\t\t\t\t\t\t\t\t\t\t\t\t\t\t\n\t\t\t\t\t\t\t\t\n\t\t\t\t\t\t\t\t\t\t\t\t\t<div class=\"fusion-rollover-sep\"><\/div>\n\t\t\t\t\n\t\t\t\t\t\t\t\t\t\t\t\t\t\t\t\t\t\t<a class=\"fusion-rollover-gallery\" href=\"https:\/\/fachschaft.arch.rwth-aachen.de\/wp-content\/uploads\/2024\/10\/party6.jpg\" data-options=\"\" data-id=\"7550\" data-rel=\"iLightbox[gallery]\" data-title=\"party6\" data-caption=\"\">\n\t\t\t\t\t\tGallerie\t\t\t\t\t<\/a>\n\t\t\t\t\t\t\t\t\t\t\t\t\t\t\n\t\t\n\t\t\t\t\t\t\t\t\t\t\t\t<h4 class=\"fusion-rollover-title\">\n\t\t\t\t\t<a class=\"fusion-rollover-title-link\" href=\"https:\/\/fachschaft.arch.rwth-aachen.de\/?p=7550\">\n\t\t\t\t\t\tArchitektenparty im Nox\t\t\t\t\t<\/a>\n\t\t\t\t<\/h4>\n\t\t\t\n\t\t\t\t\t\t\t\t\t\t<div class=\"fusion-rollover-categories\"><a href=\"https:\/\/fachschaft.arch.rwth-aachen.de\/?cat=1\" rel=\"tag\">Allgemein<\/a>, <a href=\"https:\/\/fachschaft.arch.rwth-aachen.de\/?cat=75\" rel=\"tag\">Au\u00dfendarstellung<\/a>, <a href=\"https:\/\/fachschaft.arch.rwth-aachen.de\/?cat=45\" rel=\"tag\">Events<\/a>, <a href=\"https:\/\/fachschaft.arch.rwth-aachen.de\/?cat=157\" rel=\"tag\">News<\/a>, <a href=\"https:\/\/fachschaft.arch.rwth-aachen.de\/?cat=169\" rel=\"tag\">Party<\/a><\/div>\t\t\t\t\t\n\t\t\n\t\t\t\t\t\t<a class=\"fusion-link-wrapper\" href=\"https:\/\/fachschaft.arch.rwth-aachen.de\/?p=7550\" aria-label=\"Architektenparty im Nox\"><\/a>\n\t<\/div>\n<\/div>\n<\/div>\n<\/li>\n\t\t\t\n\t\t\t\n\t\t\t\t\t\t\t\t\t\t\t\t\t\t\t\t\t\t\t\t\t\t\t\t\t\t\t\t\t\t\t\t\t\t\t\t\t\t\t\t\t\t\t\t\t\t\t\t\t\t\t\t\t\t\t\t\t\t\t\t\t\t\t\t\t\t\t\t<\/ul>\n\t<\/div>\n\t<div class=\"fusion-post-content-wrapper\" style=\"padding:30px 25px 25px 25px;\"><div class=\"fusion-post-content post-content\"><div class=\"fusion-timeline-circle\" style=\"background-color:#f2f3f5;\"><\/div><div class=\"fusion-timeline-arrow\" style=\"color:#f2f3f5;\"><\/div><h2 class=\"blog-shortcode-post-title entry-title\">Architektenparty im Nox<\/h2><span class=\"vcard\" style=\"display: none;\"><span class=\"fn\"><a href=\"https:\/\/fachschaft.arch.rwth-aachen.de\/?author=7\" title=\"Beitr\u00e4ge von noah\" rel=\"author\">noah<\/a><\/span><\/span><span class=\"updated\" style=\"display:none;\">2024-10-19T18:48:43+02:00<\/span><div class=\"fusion-content-sep sep-none\"><\/div><\/div><div class=\"fusion-meta-info\"><div class=\"fusion-alignleft\"><a class=\"fusion-read-more\" href=\"https:\/\/fachschaft.arch.rwth-aachen.de\/?p=7550\" aria-label=\"More on Architektenparty im Nox\">Read More<\/a><\/div><div class=\"fusion-alignright\"><a href=\"https:\/\/fachschaft.arch.rwth-aachen.de\/?p=7550#respond\"><i class=\"awb-icon-bubbles\" aria-hidden=\"true\"><\/i>&nbsp;0<\/a><\/div><\/div><\/div><div class=\"fusion-clearfix\"><\/div><\/div>\n<\/article>\n<article id=\"blog-1-post-7553\" style=\"border-color:#f2f3f5;\" class=\"fusion-post-timeline fusion-clearfix fusion-right-column post-7553 post type-post status-publish format-standard has-post-thumbnail hentry category-allgemein category-aussendarstellung category-events category-news category-party\">\n<div class=\"fusion-post-wrapper\" style=\"background-color:var(--awb-color1);\">\n\n\t\t\t<div class=\"fusion-flexslider flexslider fusion-flexslider-loading fusion-post-slideshow\" style=\"border-color:#f2f3f5;\">\n\t\t<ul class=\"slides\">\n\t\t\t\n\t\t\t\t\t\t\t\t\t\t\t\t\t\t<li><div  class=\"fusion-image-wrapper\" aria-haspopup=\"true\">\n\t\t\t\t<img decoding=\"async\" width=\"750\" height=\"734\" src=\"https:\/\/fachschaft.arch.rwth-aachen.de\/wp-content\/uploads\/2024\/10\/party1.jpg\" class=\"attachment-full size-full wp-post-image\" alt=\"\" srcset=\"https:\/\/fachschaft.arch.rwth-aachen.de\/wp-content\/uploads\/2024\/10\/party1-200x196.jpg 200w, https:\/\/fachschaft.arch.rwth-aachen.de\/wp-content\/uploads\/2024\/10\/party1-400x391.jpg 400w, https:\/\/fachschaft.arch.rwth-aachen.de\/wp-content\/uploads\/2024\/10\/party1-600x587.jpg 600w, https:\/\/fachschaft.arch.rwth-aachen.de\/wp-content\/uploads\/2024\/10\/party1.jpg 750w\" sizes=\"(max-width: 640px) 100vw, 40vw\" \/><div class=\"fusion-rollover\">\n\t<div class=\"fusion-rollover-content\">\n\n\t\t\t\t\t\t\t\t\t\t\t\t\t\t<a class=\"fusion-rollover-link\" href=\"https:\/\/fachschaft.arch.rwth-aachen.de\/?p=7553\">Archi Tekk Tour 1 @ Nox<\/a>\n\t\t\t\n\t\t\t\t\t\t\t\t\t\t\t\t\t\t\n\t\t\t\t\t\t\t\t\n\t\t\t\t\t\t\t\t\t\t\t\t\t<div class=\"fusion-rollover-sep\"><\/div>\n\t\t\t\t\n\t\t\t\t\t\t\t\t\t\t\t\t\t\t\t\t\t\t<a class=\"fusion-rollover-gallery\" href=\"https:\/\/fachschaft.arch.rwth-aachen.de\/wp-content\/uploads\/2024\/10\/party1.jpg\" data-options=\"\" data-id=\"7553\" data-rel=\"iLightbox[gallery]\" data-title=\"party1\" data-caption=\"\">\n\t\t\t\t\t\tGallerie\t\t\t\t\t<\/a>\n\t\t\t\t\t\t\t\t\t\t\t\t\t\t\n\t\t\n\t\t\t\t\t\t\t\t\t\t\t\t<h4 class=\"fusion-rollover-title\">\n\t\t\t\t\t<a class=\"fusion-rollover-title-link\" href=\"https:\/\/fachschaft.arch.rwth-aachen.de\/?p=7553\">\n\t\t\t\t\t\tArchi Tekk Tour 1 @ Nox\t\t\t\t\t<\/a>\n\t\t\t\t<\/h4>\n\t\t\t\n\t\t\t\t\t\t\t\t\t\t<div class=\"fusion-rollover-categories\"><a href=\"https:\/\/fachschaft.arch.rwth-aachen.de\/?cat=1\" rel=\"tag\">Allgemein<\/a>, <a href=\"https:\/\/fachschaft.arch.rwth-aachen.de\/?cat=75\" rel=\"tag\">Au\u00dfendarstellung<\/a>, <a href=\"https:\/\/fachschaft.arch.rwth-aachen.de\/?cat=45\" rel=\"tag\">Events<\/a>, <a href=\"https:\/\/fachschaft.arch.rwth-aachen.de\/?cat=157\" rel=\"tag\">News<\/a>, <a href=\"https:\/\/fachschaft.arch.rwth-aachen.de\/?cat=169\" rel=\"tag\">Party<\/a><\/div>\t\t\t\t\t\n\t\t\n\t\t\t\t\t\t<a class=\"fusion-link-wrapper\" href=\"https:\/\/fachschaft.arch.rwth-aachen.de\/?p=7553\" aria-label=\"Archi Tekk Tour 1 @ Nox\"><\/a>\n\t<\/div>\n<\/div>\n<\/div>\n<\/li>\n\t\t\t\n\t\t\t\n\t\t\t\t\t\t\t\t\t\t\t\t\t\t\t\t\t\t\t\t\t\t\t\t\t\t\t\t\t\t\t\t\t\t\t\t\t\t\t\t\t\t\t\t\t\t\t\t\t\t\t\t\t\t\t\t\t\t\t\t\t\t\t\t\t\t\t\t<\/ul>\n\t<\/div>\n\t<div class=\"fusion-post-content-wrapper\" style=\"padding:30px 25px 25px 25px;\"><div class=\"fusion-post-content post-content\"><div class=\"fusion-timeline-circle\" style=\"background-color:#f2f3f5;\"><\/div><div class=\"fusion-timeline-arrow\" style=\"color:#f2f3f5;\"><\/div><h2 class=\"blog-shortcode-post-title entry-title\">Archi Tekk Tour 1 @ Nox<\/h2><span class=\"vcard\" style=\"display: none;\"><span class=\"fn\"><a href=\"https:\/\/fachschaft.arch.rwth-aachen.de\/?author=7\" title=\"Beitr\u00e4ge von noah\" rel=\"author\">noah<\/a><\/span><\/span><span class=\"updated\" style=\"display:none;\">2024-10-19T18:51:02+02:00<\/span><div class=\"fusion-content-sep sep-none\"><\/div><\/div><div class=\"fusion-meta-info\"><div class=\"fusion-alignleft\"><a class=\"fusion-read-more\" href=\"https:\/\/fachschaft.arch.rwth-aachen.de\/?p=7553\" aria-label=\"More on Archi Tekk Tour 1 @ Nox\">Read More<\/a><\/div><div class=\"fusion-alignright\"><a href=\"https:\/\/fachschaft.arch.rwth-aachen.de\/?p=7553#respond\"><i class=\"awb-icon-bubbles\" aria-hidden=\"true\"><\/i>&nbsp;0<\/a><\/div><\/div><\/div><div class=\"fusion-clearfix\"><\/div><\/div>\n<\/article>\n<\/div><h3 class=\"fusion-timeline-date\" style=\"background-color:#f2f3f5;\">Juni 2023<\/h3><div class=\"fusion-collapse-month\"><article id=\"blog-1-post-7562\" style=\"border-color:#f2f3f5;\" class=\"fusion-post-timeline fusion-clearfix fusion-left-column post-7562 post type-post status-publish format-standard has-post-thumbnail hentry category-allgemein category-aussendarstellung category-events category-news category-party\">\n<div class=\"fusion-post-wrapper\" style=\"background-color:var(--awb-color1);\">\n\n\t\t\t<div class=\"fusion-flexslider flexslider fusion-flexslider-loading fusion-post-slideshow\" style=\"border-color:#f2f3f5;\">\n\t\t<ul class=\"slides\">\n\t\t\t\n\t\t\t\t\t\t\t\t\t\t\t\t\t\t<li><div  class=\"fusion-image-wrapper\" aria-haspopup=\"true\">\n\t\t\t\t<img decoding=\"async\" width=\"750\" height=\"742\" src=\"https:\/\/fachschaft.arch.rwth-aachen.de\/wp-content\/uploads\/2024\/10\/party7.jpg\" class=\"attachment-full size-full wp-post-image\" alt=\"\" srcset=\"https:\/\/fachschaft.arch.rwth-aachen.de\/wp-content\/uploads\/2024\/10\/party7-200x198.jpg 200w, https:\/\/fachschaft.arch.rwth-aachen.de\/wp-content\/uploads\/2024\/10\/party7-400x396.jpg 400w, https:\/\/fachschaft.arch.rwth-aachen.de\/wp-content\/uploads\/2024\/10\/party7-600x594.jpg 600w, https:\/\/fachschaft.arch.rwth-aachen.de\/wp-content\/uploads\/2024\/10\/party7.jpg 750w\" sizes=\"(max-width: 640px) 100vw, 40vw\" \/><div class=\"fusion-rollover\">\n\t<div class=\"fusion-rollover-content\">\n\n\t\t\t\t\t\t\t\t\t\t\t\t\t\t<a class=\"fusion-rollover-link\" href=\"https:\/\/fachschaft.arch.rwth-aachen.de\/?p=7562\">Baumhausparty 22.06<\/a>\n\t\t\t\n\t\t\t\t\t\t\t\t\t\t\t\t\t\t\n\t\t\t\t\t\t\t\t\n\t\t\t\t\t\t\t\t\t\t\t\t\t<div class=\"fusion-rollover-sep\"><\/div>\n\t\t\t\t\n\t\t\t\t\t\t\t\t\t\t\t\t\t\t\t\t\t\t<a class=\"fusion-rollover-gallery\" href=\"https:\/\/fachschaft.arch.rwth-aachen.de\/wp-content\/uploads\/2024\/10\/party7.jpg\" data-options=\"\" data-id=\"7562\" data-rel=\"iLightbox[gallery]\" data-title=\"party7\" data-caption=\"\">\n\t\t\t\t\t\tGallerie\t\t\t\t\t<\/a>\n\t\t\t\t\t\t\t\t\t\t\t\t\t\t\n\t\t\n\t\t\t\t\t\t\t\t\t\t\t\t<h4 class=\"fusion-rollover-title\">\n\t\t\t\t\t<a class=\"fusion-rollover-title-link\" href=\"https:\/\/fachschaft.arch.rwth-aachen.de\/?p=7562\">\n\t\t\t\t\t\tBaumhausparty 22.06\t\t\t\t\t<\/a>\n\t\t\t\t<\/h4>\n\t\t\t\n\t\t\t\t\t\t\t\t\t\t<div class=\"fusion-rollover-categories\"><a href=\"https:\/\/fachschaft.arch.rwth-aachen.de\/?cat=1\" rel=\"tag\">Allgemein<\/a>, <a href=\"https:\/\/fachschaft.arch.rwth-aachen.de\/?cat=75\" rel=\"tag\">Au\u00dfendarstellung<\/a>, <a href=\"https:\/\/fachschaft.arch.rwth-aachen.de\/?cat=45\" rel=\"tag\">Events<\/a>, <a href=\"https:\/\/fachschaft.arch.rwth-aachen.de\/?cat=157\" rel=\"tag\">News<\/a>, <a href=\"https:\/\/fachschaft.arch.rwth-aachen.de\/?cat=169\" rel=\"tag\">Party<\/a><\/div>\t\t\t\t\t\n\t\t\n\t\t\t\t\t\t<a class=\"fusion-link-wrapper\" href=\"https:\/\/fachschaft.arch.rwth-aachen.de\/?p=7562\" aria-label=\"Baumhausparty 22.06\"><\/a>\n\t<\/div>\n<\/div>\n<\/div>\n<\/li>\n\t\t\t\n\t\t\t\n\t\t\t\t\t\t\t\t\t\t\t\t\t\t\t\t\t\t\t\t\t\t\t\t\t\t\t\t\t\t\t\t\t\t\t\t\t\t\t\t\t\t\t\t\t\t\t\t\t\t\t\t\t\t\t\t\t\t\t\t\t\t\t\t\t\t\t\t<\/ul>\n\t<\/div>\n\t<div class=\"fusion-post-content-wrapper\" style=\"padding:30px 25px 25px 25px;\"><div class=\"fusion-post-content post-content\"><div class=\"fusion-timeline-circle\" style=\"background-color:#f2f3f5;\"><\/div><div class=\"fusion-timeline-arrow\" style=\"color:#f2f3f5;\"><\/div><h2 class=\"blog-shortcode-post-title entry-title\">Baumhausparty 22.06<\/h2><span class=\"vcard\" style=\"display: none;\"><span class=\"fn\"><a href=\"https:\/\/fachschaft.arch.rwth-aachen.de\/?author=7\" title=\"Beitr\u00e4ge von noah\" rel=\"author\">noah<\/a><\/span><\/span><span class=\"updated\" style=\"display:none;\">2024-10-19T19:00:48+02:00<\/span><div class=\"fusion-content-sep sep-none\"><\/div><\/div><div class=\"fusion-meta-info\"><div class=\"fusion-alignleft\"><a class=\"fusion-read-more\" href=\"https:\/\/fachschaft.arch.rwth-aachen.de\/?p=7562\" aria-label=\"More on Baumhausparty 22.06\">Read More<\/a><\/div><div class=\"fusion-alignright\"><a href=\"https:\/\/fachschaft.arch.rwth-aachen.de\/?p=7562#respond\"><i class=\"awb-icon-bubbles\" aria-hidden=\"true\"><\/i>&nbsp;0<\/a><\/div><\/div><\/div><div class=\"fusion-clearfix\"><\/div><\/div>\n<\/article>\n<\/div><\/div><\/div><\/div><\/div><\/div><div class=\"fusion-layout-column fusion_builder_column fusion-builder-column-3 fusion_builder_column_1_4 1_4 fusion-flex-column\" style=\"--awb-overflow:hidden;--awb-bg-blend:overlay;--awb-bg-size:cover;--awb-box-shadow:0px 0px 50px 5px rgba(0,0,0,0.25);;--awb-border-radius:10px 10px 10px 10px;--awb-width-large:25%;--awb-margin-top-large:0px;--awb-spacing-right-large:7.68%;--awb-margin-bottom-large:0px;--awb-spacing-left-large:3.84%;--awb-width-medium:25%;--awb-order-medium:0;--awb-spacing-right-medium:7.68%;--awb-spacing-left-medium:3.84%;--awb-width-small:100%;--awb-order-small:0;--awb-spacing-right-small:1.92%;--awb-spacing-left-small:1.92%;\" data-scroll-devices=\"small-visibility,medium-visibility,large-visibility\"><div class=\"fusion-column-wrapper fusion-column-has-shadow fusion-flex-justify-content-flex-start fusion-content-layout-column\"><div class=\"fusion-text fusion-text-1\" style=\"--awb-content-alignment:center;--awb-font-size:20px;--awb-margin-top:20px;--awb-margin-right:10px;--awb-margin-left:10px;--awb-text-font-family:&quot;Abel&quot;;--awb-text-font-style:normal;--awb-text-font-weight:400;\"><p><strong>Unser Event-Team<\/strong><\/p>\n<\/div><div style=\"text-align:center;\"><a class=\"fusion-button button-flat fusion-button-default-size button-default fusion-button-default button-1 fusion-button-default-span fusion-button-default-type\" style=\"--button_margin-bottom:20px;\" target=\"_self\" href=\"https:\/\/fachschaft.arch.rwth-aachen.de\/?page_id=7788\"><span class=\"fusion-button-text awb-button__text awb-button__text--default\">Klicke hier<\/span><\/a><\/div><\/div><\/div><\/div><\/div><div class=\"fusion-fullwidth fullwidth-box fusion-builder-row-4 fusion-flex-container has-pattern-background has-mask-background nonhundred-percent-fullwidth non-hundred-percent-height-scrolling\" style=\"--link_hover_color: rgba(53,118,117,0);--awb-border-radius-top-left:0px;--awb-border-radius-top-right:0px;--awb-border-radius-bottom-right:0px;--awb-border-radius-bottom-left:0px;--awb-flex-wrap:wrap;\" ><div class=\"fusion-builder-row fusion-row fusion-flex-align-items-flex-start fusion-flex-content-wrap\" style=\"max-width:1248px;margin-left: calc(-4% \/ 2 );margin-right: calc(-4% \/ 2 );\"><div class=\"fusion-layout-column fusion_builder_column fusion-builder-column-4 fusion_builder_column_3_4 3_4 fusion-flex-column\" style=\"--awb-bg-blend:overlay;--awb-bg-size:cover;--awb-width-large:75%;--awb-margin-top-large:0px;--awb-spacing-right-large:3.84%;--awb-margin-bottom-large:0px;--awb-spacing-left-large:2.56%;--awb-width-medium:75%;--awb-spacing-right-medium:3.84%;--awb-spacing-left-medium:2.56%;--awb-width-small:100%;--awb-spacing-right-small:1.92%;--awb-spacing-left-small:1.92%;\"><div class=\"fusion-column-wrapper fusion-flex-justify-content-flex-start fusion-content-layout-column\"><div class=\"fusion-recent-posts fusion-recent-posts-1 avada-container layout-default layout-columns-3 fusion-recent-posts-center\" style=\"--h3_typography-font-family:&quot;Abel&quot;;--h3_typography-font-weight:400;--h3_typography-font-style:normal;\"><section class=\"fusion-columns columns fusion-columns-3 columns-3\"><article class=\"post fusion-column column col col-lg-4 col-md-4 col-sm-4\"><div class=\"fusion-flexslider fusion-flexslider-loading flexslider flexslider-hover-type-zoomout\"><ul class=\"slides\"><li><a href=\"https:\/\/fachschaft.arch.rwth-aachen.de\/?p=7105\" aria-label=\"PrePommesParty bei Maier-Peveling&#8217;s\" class=\"hover-type-zoomout\"><img decoding=\"async\" width=\"700\" height=\"441\" src=\"https:\/\/fachschaft.arch.rwth-aachen.de\/wp-content\/uploads\/2024\/10\/PrePommesParty-1-700x441.jpg\" class=\"attachment-recent-posts size-recent-posts\" alt=\"\" srcset=\"https:\/\/fachschaft.arch.rwth-aachen.de\/wp-content\/uploads\/2024\/10\/PrePommesParty-1-320x202.jpg 320w, https:\/\/fachschaft.arch.rwth-aachen.de\/wp-content\/uploads\/2024\/10\/PrePommesParty-1-700x441.jpg 700w\" sizes=\"(max-width: 700px) 100vw, 700px\" \/><\/a><\/li><\/ul><\/div><div class=\"recent-posts-content\"><span class=\"vcard\" style=\"display: none;\"><span class=\"fn\"><a href=\"https:\/\/fachschaft.arch.rwth-aachen.de\/?author=7\" title=\"Beitr\u00e4ge von noah\" rel=\"author\">noah<\/a><\/span><\/span><span class=\"updated\" style=\"display:none;\">2024-10-20T00:19:33+02:00<\/span><h3 class=\"entry-title\"><a href=\"https:\/\/fachschaft.arch.rwth-aachen.de\/?p=7105\">PrePommesParty bei Maier-Peveling&#8217;s<\/a><\/h3><p> Vor der Architektenparty im Nox findet unsere erste PrePommesParty bei\u00a0@maierpevelings\u00a0statt. Ab 19 Uhr k\u00f6nnt ihr bei l\u00e4ssiger Musik die leckersten Pommes Aachens und erfrischende Kaltgetr\u00e4nke genie\u00dfen. Hier k\u00f6nnen wir gemeinsam in den Abend starten, [...]<\/p><\/div><\/article><article class=\"post fusion-column column col col-lg-4 col-md-4 col-sm-4\"><div class=\"fusion-flexslider fusion-flexslider-loading flexslider flexslider-hover-type-zoomout\"><ul class=\"slides\"><li><a href=\"https:\/\/fachschaft.arch.rwth-aachen.de\/?p=7048\" aria-label=\"Architektenparty im NOX am 17.10.2024\" class=\"hover-type-zoomout\"><img decoding=\"async\" width=\"700\" height=\"441\" src=\"https:\/\/fachschaft.arch.rwth-aachen.de\/wp-content\/uploads\/2024\/10\/Architektenparty-Plakat-A1-blau-4-700x441.png\" class=\"attachment-recent-posts size-recent-posts\" alt=\"\" srcset=\"https:\/\/fachschaft.arch.rwth-aachen.de\/wp-content\/uploads\/2024\/10\/Architektenparty-Plakat-A1-blau-4-320x202.png 320w, https:\/\/fachschaft.arch.rwth-aachen.de\/wp-content\/uploads\/2024\/10\/Architektenparty-Plakat-A1-blau-4-700x441.png 700w\" sizes=\"(max-width: 700px) 100vw, 700px\" \/><\/a><\/li><\/ul><\/div><div class=\"recent-posts-content\"><span class=\"vcard\" style=\"display: none;\"><span class=\"fn\"><a href=\"https:\/\/fachschaft.arch.rwth-aachen.de\/?author=7\" title=\"Beitr\u00e4ge von noah\" rel=\"author\">noah<\/a><\/span><\/span><span class=\"updated\" style=\"display:none;\">2024-10-20T00:18:33+02:00<\/span><h3 class=\"entry-title\"><a href=\"https:\/\/fachschaft.arch.rwth-aachen.de\/?p=7048\">Architektenparty im NOX am 17.10.2024<\/a><\/h3><p> Am 17.10. \u00f6ffnet das Nox ab 22 Uhr die T\u00fcren f\u00fcr unsere allj\u00e4hrige Fachschaftsparty. Freut euch auf fetzige Mukke auf zwei Floors und tanzt mit uns ins Semester! Vorverkauftickets gibt es f\u00fcr 5\u20ac bei [...]<\/p><\/div><\/article><article class=\"post fusion-column column col col-lg-4 col-md-4 col-sm-4\"><div class=\"fusion-flexslider fusion-flexslider-loading flexslider flexslider-hover-type-zoomout\"><ul class=\"slides\"><li><a href=\"https:\/\/fachschaft.arch.rwth-aachen.de\/?p=7504\" aria-label=\"Baum Week w\u00e4hrend der Ersti-Woche 2024\" class=\"hover-type-zoomout\"><img decoding=\"async\" width=\"700\" height=\"441\" src=\"https:\/\/fachschaft.arch.rwth-aachen.de\/wp-content\/uploads\/2024\/10\/Snapinsta.app_461462725_586034380416798_2129437334047969692_n_1080-700x441.jpg\" class=\"attachment-recent-posts size-recent-posts\" alt=\"\" srcset=\"https:\/\/fachschaft.arch.rwth-aachen.de\/wp-content\/uploads\/2024\/10\/Snapinsta.app_461462725_586034380416798_2129437334047969692_n_1080-320x202.jpg 320w, https:\/\/fachschaft.arch.rwth-aachen.de\/wp-content\/uploads\/2024\/10\/Snapinsta.app_461462725_586034380416798_2129437334047969692_n_1080-700x441.jpg 700w\" sizes=\"(max-width: 700px) 100vw, 700px\" \/><\/a><\/li><\/ul><\/div><div class=\"recent-posts-content\"><span class=\"vcard\" style=\"display: none;\"><span class=\"fn\"><a href=\"https:\/\/fachschaft.arch.rwth-aachen.de\/?author=7\" title=\"Beitr\u00e4ge von noah\" rel=\"author\">noah<\/a><\/span><\/span><span class=\"updated\" style=\"display:none;\">2024-10-19T18:41:39+02:00<\/span><h3 class=\"entry-title\"><a href=\"https:\/\/fachschaft.arch.rwth-aachen.de\/?p=7504\">Baum Week w\u00e4hrend der Ersti-Woche 2024<\/a><\/h3><p> W\u00e4hrend der Ersti-Woche gibt es jeden Abend bei uns am Baumhaus ab 18 Uhr was auf die Ohren. Lasst uns bei Kaltgetr\u00e4nken, Cocktails und Essen die H\u00fcften schwingen und bestens ins Semester starten! Takeovers [...]<\/p><\/div><\/article><article class=\"post fusion-column column col col-lg-4 col-md-4 col-sm-4\"><div class=\"fusion-flexslider fusion-flexslider-loading flexslider flexslider-hover-type-zoomout\"><ul class=\"slides\"><li><a href=\"https:\/\/fachschaft.arch.rwth-aachen.de\/?p=7489\" aria-label=\"Come-Together Party im Caf\u00e9 Madrid!\" class=\"hover-type-zoomout\"><img decoding=\"async\" width=\"700\" height=\"441\" src=\"https:\/\/fachschaft.arch.rwth-aachen.de\/wp-content\/uploads\/2024\/10\/plakat.cafe_.madrid-700x441.png\" class=\"attachment-recent-posts size-recent-posts\" alt=\"\" srcset=\"https:\/\/fachschaft.arch.rwth-aachen.de\/wp-content\/uploads\/2024\/10\/plakat.cafe_.madrid-320x202.png 320w, https:\/\/fachschaft.arch.rwth-aachen.de\/wp-content\/uploads\/2024\/10\/plakat.cafe_.madrid-700x441.png 700w\" sizes=\"(max-width: 700px) 100vw, 700px\" \/><\/a><\/li><\/ul><\/div><div class=\"recent-posts-content\"><span class=\"vcard\" style=\"display: none;\"><span class=\"fn\"><a href=\"https:\/\/fachschaft.arch.rwth-aachen.de\/?author=7\" title=\"Beitr\u00e4ge von noah\" rel=\"author\">noah<\/a><\/span><\/span><span class=\"updated\" style=\"display:none;\">2024-10-19T18:41:29+02:00<\/span><h3 class=\"entry-title\"><a href=\"https:\/\/fachschaft.arch.rwth-aachen.de\/?p=7489\">Come-Together Party im Caf\u00e9 Madrid!<\/a><\/h3><p> Am 30.09. laden wir euch ab 18 Uhr herzlich ins Caf\u00e9 Madrid ein! Neben attraktiven Gedr\u00e4nkedeals werdet ihr nat\u00fcrlich auch wieder was zu h\u00f6ren bekommen. Line-Up: 18-20\u00a0@routenplaner 20-22\u00a0@martin.fickers 22-24\u00a0@tranceport_soundsystems 24-02\u00a0@_mobilitas_ Eintritt 3\u20ac Pontstra\u00dfe 149, [...]<\/p><\/div><\/article><article class=\"post fusion-column column col col-lg-4 col-md-4 col-sm-4\"><div class=\"fusion-flexslider fusion-flexslider-loading flexslider flexslider-hover-type-zoomout\"><ul class=\"slides\"><li><a href=\"https:\/\/fachschaft.arch.rwth-aachen.de\/?p=7032\" aria-label=\"Fu\u00dfball-Turnier 2024\" class=\"hover-type-zoomout\"><img decoding=\"async\" width=\"700\" height=\"441\" src=\"https:\/\/fachschaft.arch.rwth-aachen.de\/wp-content\/uploads\/2024\/06\/png-700x441.png\" class=\"attachment-recent-posts size-recent-posts\" alt=\"\" srcset=\"https:\/\/fachschaft.arch.rwth-aachen.de\/wp-content\/uploads\/2024\/06\/png-320x202.png 320w, https:\/\/fachschaft.arch.rwth-aachen.de\/wp-content\/uploads\/2024\/06\/png-700x441.png 700w\" sizes=\"(max-width: 700px) 100vw, 700px\" \/><\/a><\/li><\/ul><\/div><div class=\"recent-posts-content\"><span class=\"vcard\" style=\"display: none;\"><span class=\"fn\"><a href=\"https:\/\/fachschaft.arch.rwth-aachen.de\/?author=3\" title=\"Beitr\u00e4ge von John Bergmann\" rel=\"author\">John Bergmann<\/a><\/span><\/span><span class=\"updated\" style=\"display:none;\">2024-10-19T18:43:43+02:00<\/span><h3 class=\"entry-title\"><a href=\"https:\/\/fachschaft.arch.rwth-aachen.de\/?p=7032\">Fu\u00dfball-Turnier 2024<\/a><\/h3><p> Fu\u00dfballfans aufgepasst!!\u26bd\ufe0f Die FS2 organisiert dieses Jahr erstmalig das Fu\u00dfballturnier der Fachschaften! Start ist am 22.06. um 14 Uhr und es gibt Musik, Getr\u00e4nke und hoffentlich spannende Spiele, also bringt eure Freunde mit und [...]<\/p><\/div><\/article><article class=\"post fusion-column column col col-lg-4 col-md-4 col-sm-4\"><div class=\"fusion-flexslider fusion-flexslider-loading flexslider flexslider-hover-type-zoomout\"><ul class=\"slides\"><li><a href=\"https:\/\/fachschaft.arch.rwth-aachen.de\/?p=7512\" aria-label=\"Party unterm Baumhaus!\" class=\"hover-type-zoomout\"><img decoding=\"async\" width=\"700\" height=\"441\" src=\"https:\/\/fachschaft.arch.rwth-aachen.de\/wp-content\/uploads\/2024\/10\/party12-700x441.jpg\" class=\"attachment-recent-posts size-recent-posts\" alt=\"\" srcset=\"https:\/\/fachschaft.arch.rwth-aachen.de\/wp-content\/uploads\/2024\/10\/party12-320x202.jpg 320w, https:\/\/fachschaft.arch.rwth-aachen.de\/wp-content\/uploads\/2024\/10\/party12-700x441.jpg 700w\" sizes=\"(max-width: 700px) 100vw, 700px\" \/><\/a><\/li><\/ul><\/div><div class=\"recent-posts-content\"><span class=\"vcard\" style=\"display: none;\"><span class=\"fn\"><a href=\"https:\/\/fachschaft.arch.rwth-aachen.de\/?author=7\" title=\"Beitr\u00e4ge von noah\" rel=\"author\">noah<\/a><\/span><\/span><span class=\"updated\" style=\"display:none;\">2024-10-19T18:43:33+02:00<\/span><h3 class=\"entry-title\"><a href=\"https:\/\/fachschaft.arch.rwth-aachen.de\/?p=7512\">Party unterm Baumhaus!<\/a><\/h3><p> am donnerstag veranstalten wir wieder eine party unterm baumhaus!\ud83d\udcbf kommt gern vorbei, wir freuen uns auf euch!\ud83c\udf7b    <\/p><\/div><\/article><article class=\"post fusion-column column col col-lg-4 col-md-4 col-sm-4\"><div class=\"fusion-flexslider fusion-flexslider-loading flexslider flexslider-hover-type-zoomout\"><ul class=\"slides\"><li><a href=\"https:\/\/fachschaft.arch.rwth-aachen.de\/?p=7515\" aria-label=\"Hochschulradio Aachen beim Baumhaus!\" class=\"hover-type-zoomout\"><img decoding=\"async\" width=\"700\" height=\"441\" src=\"https:\/\/fachschaft.arch.rwth-aachen.de\/wp-content\/uploads\/2024\/10\/party11-700x441.jpg\" class=\"attachment-recent-posts size-recent-posts\" alt=\"\" srcset=\"https:\/\/fachschaft.arch.rwth-aachen.de\/wp-content\/uploads\/2024\/10\/party11-320x202.jpg 320w, https:\/\/fachschaft.arch.rwth-aachen.de\/wp-content\/uploads\/2024\/10\/party11-700x441.jpg 700w\" sizes=\"(max-width: 700px) 100vw, 700px\" \/><\/a><\/li><\/ul><\/div><div class=\"recent-posts-content\"><span class=\"vcard\" style=\"display: none;\"><span class=\"fn\"><a href=\"https:\/\/fachschaft.arch.rwth-aachen.de\/?author=7\" title=\"Beitr\u00e4ge von noah\" rel=\"author\">noah<\/a><\/span><\/span><span class=\"updated\" style=\"display:none;\">2024-10-19T18:43:19+02:00<\/span><h3 class=\"entry-title\"><a href=\"https:\/\/fachschaft.arch.rwth-aachen.de\/?p=7515\">Hochschulradio Aachen beim Baumhaus!<\/a><\/h3><p> Nach einer l\u00e4ngeren Planungszeit pr\u00e4sentieren wir euch stolz unsere erste Open-Air Veranstaltung des Jahres unter dem Baumhaus! Nat\u00fcrlich in Kooperation mit unseren Freunden von der\u00a0@fs_architektur_rwth Am 09.05 bieten wir allen, die nach ihren Bollerwagenabenteuern [...]<\/p><\/div><\/article><article class=\"post fusion-column column col col-lg-4 col-md-4 col-sm-4\"><div class=\"fusion-flexslider fusion-flexslider-loading flexslider flexslider-hover-type-zoomout\"><ul class=\"slides\"><li><a href=\"https:\/\/fachschaft.arch.rwth-aachen.de\/?p=7520\" aria-label=\"Party in der Tangente\" class=\"hover-type-zoomout\"><img decoding=\"async\" width=\"700\" height=\"441\" src=\"https:\/\/fachschaft.arch.rwth-aachen.de\/wp-content\/uploads\/2024\/10\/party9-700x441.jpg\" class=\"attachment-recent-posts size-recent-posts\" alt=\"\" srcset=\"https:\/\/fachschaft.arch.rwth-aachen.de\/wp-content\/uploads\/2024\/10\/party9-320x202.jpg 320w, https:\/\/fachschaft.arch.rwth-aachen.de\/wp-content\/uploads\/2024\/10\/party9-700x441.jpg 700w\" sizes=\"(max-width: 700px) 100vw, 700px\" \/><\/a><\/li><\/ul><\/div><div class=\"recent-posts-content\"><span class=\"vcard\" style=\"display: none;\"><span class=\"fn\"><a href=\"https:\/\/fachschaft.arch.rwth-aachen.de\/?author=7\" title=\"Beitr\u00e4ge von noah\" rel=\"author\">noah<\/a><\/span><\/span><span class=\"updated\" style=\"display:none;\">2024-10-19T18:43:08+02:00<\/span><h3 class=\"entry-title\"><a href=\"https:\/\/fachschaft.arch.rwth-aachen.de\/?p=7520\">Party in der Tangente<\/a><\/h3><p> N\u00e4chste Woche Donnerstag findet unsere Party in der Tangente statt!\ud83c\udf89 B\u00e4ndchen f\u00fcr den Eintritt gibt es ab jetzt in der Fachschaft. Wir freuen uns auf euch!\ud83c\udf7b\ud83e\udd42    <\/p><\/div><\/article><article class=\"post fusion-column column col col-lg-4 col-md-4 col-sm-4\"><div class=\"fusion-flexslider fusion-flexslider-loading flexslider flexslider-hover-type-zoomout\"><ul class=\"slides\"><li><a href=\"https:\/\/fachschaft.arch.rwth-aachen.de\/?p=7529\" aria-label=\"Baumhausparty zum Semersterende\" class=\"hover-type-zoomout\"><img decoding=\"async\" width=\"700\" height=\"441\" src=\"https:\/\/fachschaft.arch.rwth-aachen.de\/wp-content\/uploads\/2024\/10\/party10-700x441.jpg\" class=\"attachment-recent-posts size-recent-posts\" alt=\"\" srcset=\"https:\/\/fachschaft.arch.rwth-aachen.de\/wp-content\/uploads\/2024\/10\/party10-320x202.jpg 320w, https:\/\/fachschaft.arch.rwth-aachen.de\/wp-content\/uploads\/2024\/10\/party10-700x441.jpg 700w\" sizes=\"(max-width: 700px) 100vw, 700px\" \/><\/a><\/li><\/ul><\/div><div class=\"recent-posts-content\"><span class=\"vcard\" style=\"display: none;\"><span class=\"fn\"><a href=\"https:\/\/fachschaft.arch.rwth-aachen.de\/?author=7\" title=\"Beitr\u00e4ge von noah\" rel=\"author\">noah<\/a><\/span><\/span><span class=\"updated\" style=\"display:none;\">2024-10-19T18:42:53+02:00<\/span><h3 class=\"entry-title\"><a href=\"https:\/\/fachschaft.arch.rwth-aachen.de\/?p=7529\">Baumhausparty zum Semersterende<\/a><\/h3><p> Zum Ende des Semesters veranstalten wir endlich nochmal eine Party unterm Baumhaus! @dj_dings @konradberner @benzinsmusic @miezibub @k.klassik @kennstdupluemo @dispulus @klympt    <\/p><\/div><\/article><article class=\"post fusion-column column col col-lg-4 col-md-4 col-sm-4\"><div class=\"fusion-flexslider fusion-flexslider-loading flexslider flexslider-hover-type-zoomout\"><ul class=\"slides\"><li><a href=\"https:\/\/fachschaft.arch.rwth-aachen.de\/?p=7533\" aria-label=\"Archi Tekk Tour 4 @ Hoteleuropa\" class=\"hover-type-zoomout\"><img decoding=\"async\" width=\"700\" height=\"441\" src=\"https:\/\/fachschaft.arch.rwth-aachen.de\/wp-content\/uploads\/2023\/12\/party3-700x441.jpg\" class=\"attachment-recent-posts size-recent-posts\" alt=\"\" srcset=\"https:\/\/fachschaft.arch.rwth-aachen.de\/wp-content\/uploads\/2023\/12\/party3-320x202.jpg 320w, https:\/\/fachschaft.arch.rwth-aachen.de\/wp-content\/uploads\/2023\/12\/party3-700x441.jpg 700w\" sizes=\"(max-width: 700px) 100vw, 700px\" \/><\/a><\/li><\/ul><\/div><div class=\"recent-posts-content\"><span class=\"vcard\" style=\"display: none;\"><span class=\"fn\"><a href=\"https:\/\/fachschaft.arch.rwth-aachen.de\/?author=7\" title=\"Beitr\u00e4ge von noah\" rel=\"author\">noah<\/a><\/span><\/span><span class=\"updated\" style=\"display:none;\">2024-10-19T18:42:35+02:00<\/span><h3 class=\"entry-title\"><a href=\"https:\/\/fachschaft.arch.rwth-aachen.de\/?p=7533\">Archi Tekk Tour 4 @ Hoteleuropa<\/a><\/h3><p> Die Archi Tekk Tour erreicht am 21.12 ihre 4. und letzte Haltestelle f\u00fcr dieses Jahr\ud83d\udc4f\ud83c\udffb Haltestelle\ud83d\ude8f Hotel Europa S\u00fcdstra\u00dfe 54 Ankunftszeit 21.12.2023 22:00 Uhr - 03:00 Uhr Ticketerwerb \ud83c\udfab Bei der FS oder Frankenne [...]<\/p><\/div><\/article><article class=\"post fusion-column column col col-lg-4 col-md-4 col-sm-4\"><div class=\"fusion-flexslider fusion-flexslider-loading flexslider flexslider-hover-type-zoomout\"><ul class=\"slides\"><li><a href=\"https:\/\/fachschaft.arch.rwth-aachen.de\/?p=7535\" aria-label=\"Archi Tekk Tour 3 @ Stadtsall + Nox\" class=\"hover-type-zoomout\"><img decoding=\"async\" width=\"700\" height=\"441\" src=\"https:\/\/fachschaft.arch.rwth-aachen.de\/wp-content\/uploads\/2023\/12\/party2-700x441.jpg\" class=\"attachment-recent-posts size-recent-posts\" alt=\"\" srcset=\"https:\/\/fachschaft.arch.rwth-aachen.de\/wp-content\/uploads\/2023\/12\/party2-320x202.jpg 320w, https:\/\/fachschaft.arch.rwth-aachen.de\/wp-content\/uploads\/2023\/12\/party2-700x441.jpg 700w\" sizes=\"(max-width: 700px) 100vw, 700px\" \/><\/a><\/li><\/ul><\/div><div class=\"recent-posts-content\"><span class=\"vcard\" style=\"display: none;\"><span class=\"fn\"><a href=\"https:\/\/fachschaft.arch.rwth-aachen.de\/?author=7\" title=\"Beitr\u00e4ge von noah\" rel=\"author\">noah<\/a><\/span><\/span><span class=\"updated\" style=\"display:none;\">2024-10-19T18:42:18+02:00<\/span><h3 class=\"entry-title\"><a href=\"https:\/\/fachschaft.arch.rwth-aachen.de\/?p=7535\">Archi Tekk Tour 3 @ Stadtsall + Nox<\/a><\/h3><p> Die dritte Haltestelle der ARCH TEKK TOUR erreicht am 15.12. direkt zwei Locations.\ud83d\ude8f Haltestelle 1: Stadtsaal Ankunftszeit: 18-22 Uhr Haltestelle 2: NoxBox Ankunftszeit: ab 22 Uhr Tickets sind ab dem 13.12. bei der Fachschaft [...]<\/p><\/div><\/article><article class=\"post fusion-column column col col-lg-4 col-md-4 col-sm-4\"><div class=\"fusion-flexslider fusion-flexslider-loading flexslider flexslider-hover-type-zoomout\"><ul class=\"slides\"><li><a href=\"https:\/\/fachschaft.arch.rwth-aachen.de\/?p=7539\" aria-label=\"Fakult\u00e4ts-Weihnachtsfeier in der Tagente\" class=\"hover-type-zoomout\"><img decoding=\"async\" width=\"700\" height=\"441\" src=\"https:\/\/fachschaft.arch.rwth-aachen.de\/wp-content\/uploads\/2023\/11\/party8-700x441.jpg\" class=\"attachment-recent-posts size-recent-posts\" alt=\"\" srcset=\"https:\/\/fachschaft.arch.rwth-aachen.de\/wp-content\/uploads\/2023\/11\/party8-320x202.jpg 320w, https:\/\/fachschaft.arch.rwth-aachen.de\/wp-content\/uploads\/2023\/11\/party8-700x441.jpg 700w\" sizes=\"(max-width: 700px) 100vw, 700px\" \/><\/a><\/li><\/ul><\/div><div class=\"recent-posts-content\"><span class=\"vcard\" style=\"display: none;\"><span class=\"fn\"><a href=\"https:\/\/fachschaft.arch.rwth-aachen.de\/?author=7\" title=\"Beitr\u00e4ge von noah\" rel=\"author\">noah<\/a><\/span><\/span><span class=\"updated\" style=\"display:none;\">2024-10-19T18:42:05+02:00<\/span><h3 class=\"entry-title\"><a href=\"https:\/\/fachschaft.arch.rwth-aachen.de\/?p=7539\">Fakult\u00e4ts-Weihnachtsfeier in der Tagente<\/a><\/h3><p> Unsere Weihnachtsfeier ist n\u00e4chste Woche! \ud83c\udf85\ud83c\udffb\ud83c\udf77 Am Donnerstag wird Gl\u00fchwein getrunken ;) Nat\u00fcrlich gibt es auch andere Getr\u00e4nke zur Auswahl. Kommt vorbei! Eintritt nur mit B\u00e4ndchen, aber daf\u00fcr kriegt ihr Gl\u00fchweine g\u00fcnstiger: nur 2,50\u20ac [...]<\/p><\/div><\/article><article class=\"post fusion-column column col col-lg-4 col-md-4 col-sm-4\"><div class=\"fusion-flexslider fusion-flexslider-loading flexslider flexslider-hover-type-zoomout\"><ul class=\"slides\"><li><a href=\"https:\/\/fachschaft.arch.rwth-aachen.de\/?p=7542\" aria-label=\"Archi Tekk Tour 2 @ Lessie Fair\" class=\"hover-type-zoomout\"><img decoding=\"async\" width=\"700\" height=\"441\" src=\"https:\/\/fachschaft.arch.rwth-aachen.de\/wp-content\/uploads\/2023\/11\/party4-700x441.jpg\" class=\"attachment-recent-posts size-recent-posts\" alt=\"\" srcset=\"https:\/\/fachschaft.arch.rwth-aachen.de\/wp-content\/uploads\/2023\/11\/party4-320x202.jpg 320w, https:\/\/fachschaft.arch.rwth-aachen.de\/wp-content\/uploads\/2023\/11\/party4-700x441.jpg 700w\" sizes=\"(max-width: 700px) 100vw, 700px\" \/><\/a><\/li><\/ul><\/div><div class=\"recent-posts-content\"><span class=\"vcard\" style=\"display: none;\"><span class=\"fn\"><a href=\"https:\/\/fachschaft.arch.rwth-aachen.de\/?author=7\" title=\"Beitr\u00e4ge von noah\" rel=\"author\">noah<\/a><\/span><\/span><span class=\"updated\" style=\"display:none;\">2024-10-19T18:46:01+02:00<\/span><h3 class=\"entry-title\"><a href=\"https:\/\/fachschaft.arch.rwth-aachen.de\/?p=7542\">Archi Tekk Tour 2 @ Lessie Fair<\/a><\/h3><p> Die ARCH TEKK TOUR erreicht am 24. November ihre 2. Haltestelle \ud83c\udf89 Haltestelle: Lessie Fair\ud83d\ude8f Pontstra\u00dfe 135 Ankunftszeit 22 Uhr am 24.11.2023 Tickets sind bei der Fachschaft f\u00fcr 7\u20ac erh\u00e4ltlich Musikalisch Begleitung \ud83c\udfb5 @ferdinandfeldkamp [...]<\/p><\/div><\/article><article class=\"post fusion-column column col col-lg-4 col-md-4 col-sm-4\"><div class=\"fusion-flexslider fusion-flexslider-loading flexslider flexslider-hover-type-zoomout\"><ul class=\"slides\"><li><a href=\"https:\/\/fachschaft.arch.rwth-aachen.de\/?p=7547\" aria-label=\"Ersti-Parties unterm Baumhaus\" class=\"hover-type-zoomout\"><img decoding=\"async\" width=\"700\" height=\"441\" src=\"https:\/\/fachschaft.arch.rwth-aachen.de\/wp-content\/uploads\/2024\/10\/party5-700x441.jpg\" class=\"attachment-recent-posts size-recent-posts\" alt=\"\" srcset=\"https:\/\/fachschaft.arch.rwth-aachen.de\/wp-content\/uploads\/2024\/10\/party5-320x202.jpg 320w, https:\/\/fachschaft.arch.rwth-aachen.de\/wp-content\/uploads\/2024\/10\/party5-700x441.jpg 700w\" sizes=\"(max-width: 700px) 100vw, 700px\" \/><\/a><\/li><\/ul><\/div><div class=\"recent-posts-content\"><span class=\"vcard\" style=\"display: none;\"><span class=\"fn\"><a href=\"https:\/\/fachschaft.arch.rwth-aachen.de\/?author=7\" title=\"Beitr\u00e4ge von noah\" rel=\"author\">noah<\/a><\/span><\/span><span class=\"updated\" style=\"display:none;\">2024-10-19T18:47:29+02:00<\/span><h3 class=\"entry-title\"><a href=\"https:\/\/fachschaft.arch.rwth-aachen.de\/?p=7547\">Ersti-Parties unterm Baumhaus<\/a><\/h3><p> \ud83c\udf89 Aufgepasst, liebe Archis \ud83d\udc4b Von Mittwoch bis Freitag laden wir euch herzlich unter das Baumhaus ein, um gemeinsam ab 18 Uhr eine tolle Zeit zu verbringen. Erlebt unvergessliche Abende mit euren neuen Kommilitonen, [...]<\/p><\/div><\/article><article class=\"post fusion-column column col col-lg-4 col-md-4 col-sm-4\"><div class=\"fusion-flexslider fusion-flexslider-loading flexslider flexslider-hover-type-zoomout\"><ul class=\"slides\"><li><a href=\"https:\/\/fachschaft.arch.rwth-aachen.de\/?p=7550\" aria-label=\"Architektenparty im Nox\" class=\"hover-type-zoomout\"><img decoding=\"async\" width=\"700\" height=\"441\" src=\"https:\/\/fachschaft.arch.rwth-aachen.de\/wp-content\/uploads\/2024\/10\/party6-700x441.jpg\" class=\"attachment-recent-posts size-recent-posts\" alt=\"\" srcset=\"https:\/\/fachschaft.arch.rwth-aachen.de\/wp-content\/uploads\/2024\/10\/party6-320x202.jpg 320w, https:\/\/fachschaft.arch.rwth-aachen.de\/wp-content\/uploads\/2024\/10\/party6-700x441.jpg 700w\" sizes=\"(max-width: 700px) 100vw, 700px\" \/><\/a><\/li><\/ul><\/div><div class=\"recent-posts-content\"><span class=\"vcard\" style=\"display: none;\"><span class=\"fn\"><a href=\"https:\/\/fachschaft.arch.rwth-aachen.de\/?author=7\" title=\"Beitr\u00e4ge von noah\" rel=\"author\">noah<\/a><\/span><\/span><span class=\"updated\" style=\"display:none;\">2024-10-19T18:48:43+02:00<\/span><h3 class=\"entry-title\"><a href=\"https:\/\/fachschaft.arch.rwth-aachen.de\/?p=7550\">Architektenparty im Nox<\/a><\/h3><p> P\u00fcnktlich zum Semesterstart m\u00f6chten wir mit euch eine Welcome-(Back)-Party am 02.10. im Nox veranstalten.\u00a0@nox_aachen Zus\u00e4tzlich zur regul\u00e4ren Semesteranfangsparty im Hauptraum \u00fcbernehmen ab 22:00 Uhr\u00a0@paulangl\u00a0@ferdinandfeldkamp\u00a0@nicholas.castritius\u00a0@cyril\u00a0@klympt\u00a0und\u00a0@miezibub\u00a0die NoxBox. Mit dem Ticket kommt ihr eine Stunde vor dem [...]<\/p><\/div><\/article><article class=\"post fusion-column column col col-lg-4 col-md-4 col-sm-4\"><div class=\"fusion-flexslider fusion-flexslider-loading flexslider flexslider-hover-type-zoomout\"><ul class=\"slides\"><li><a href=\"https:\/\/fachschaft.arch.rwth-aachen.de\/?p=7553\" aria-label=\"Archi Tekk Tour 1 @ Nox\" class=\"hover-type-zoomout\"><img decoding=\"async\" width=\"700\" height=\"441\" src=\"https:\/\/fachschaft.arch.rwth-aachen.de\/wp-content\/uploads\/2024\/10\/party1-700x441.jpg\" class=\"attachment-recent-posts size-recent-posts\" alt=\"\" srcset=\"https:\/\/fachschaft.arch.rwth-aachen.de\/wp-content\/uploads\/2024\/10\/party1-320x202.jpg 320w, https:\/\/fachschaft.arch.rwth-aachen.de\/wp-content\/uploads\/2024\/10\/party1-700x441.jpg 700w\" sizes=\"(max-width: 700px) 100vw, 700px\" \/><\/a><\/li><\/ul><\/div><div class=\"recent-posts-content\"><span class=\"vcard\" style=\"display: none;\"><span class=\"fn\"><a href=\"https:\/\/fachschaft.arch.rwth-aachen.de\/?author=7\" title=\"Beitr\u00e4ge von noah\" rel=\"author\">noah<\/a><\/span><\/span><span class=\"updated\" style=\"display:none;\">2024-10-19T18:51:02+02:00<\/span><h3 class=\"entry-title\"><a href=\"https:\/\/fachschaft.arch.rwth-aachen.de\/?p=7553\">Archi Tekk Tour 1 @ Nox<\/a><\/h3><p> Bald ist es soweit! Am 12.10.2023 findet wieder unsere gro\u00dfe Architektenparty statt. \ud83d\udcaf Unter dem Motto Archi Tekk Tour soll es nur der Anfang einer fortlaufenden Veranstaltungsreihe sein. Freut euch auf ein einzigartiges DJ-Lineup [...]<\/p><\/div><\/article><article class=\"post fusion-column column col col-lg-4 col-md-4 col-sm-4\"><div class=\"fusion-flexslider fusion-flexslider-loading flexslider flexslider-hover-type-zoomout\"><ul class=\"slides\"><li><a href=\"https:\/\/fachschaft.arch.rwth-aachen.de\/?p=7562\" aria-label=\"Baumhausparty 22.06\" class=\"hover-type-zoomout\"><img decoding=\"async\" width=\"700\" height=\"441\" src=\"https:\/\/fachschaft.arch.rwth-aachen.de\/wp-content\/uploads\/2024\/10\/party7-700x441.jpg\" class=\"attachment-recent-posts size-recent-posts\" alt=\"\" srcset=\"https:\/\/fachschaft.arch.rwth-aachen.de\/wp-content\/uploads\/2024\/10\/party7-320x202.jpg 320w, https:\/\/fachschaft.arch.rwth-aachen.de\/wp-content\/uploads\/2024\/10\/party7-700x441.jpg 700w\" sizes=\"(max-width: 700px) 100vw, 700px\" \/><\/a><\/li><\/ul><\/div><div class=\"recent-posts-content\"><span class=\"vcard\" style=\"display: none;\"><span class=\"fn\"><a href=\"https:\/\/fachschaft.arch.rwth-aachen.de\/?author=7\" title=\"Beitr\u00e4ge von noah\" rel=\"author\">noah<\/a><\/span><\/span><span class=\"updated\" style=\"display:none;\">2024-10-19T19:00:48+02:00<\/span><h3 class=\"entry-title\"><a href=\"https:\/\/fachschaft.arch.rwth-aachen.de\/?p=7562\">Baumhausparty 22.06<\/a><\/h3><p> Um neben der Uni ein wenig den Sommer mit euch zu genie\u00dfen, veranstalten wir am Donnerstag, den 22.06, eine Sommerparty unter dem Baumhaus\ud83d\ude0eIhr d\u00fcrft ab 18 Uhr vorbei kommen. Wie immer mit DJ\u00b4s und [...]<\/p><\/div><\/article><\/section><\/div><\/div><\/div><\/div><\/div><\/p>\n","protected":false},"excerpt":{"rendered":"","protected":false},"author":7,"featured_media":0,"parent":0,"menu_order":0,"comment_status":"closed","ping_status":"closed","template":"100-width.php","meta":{"footnotes":""},"class_list":["post-7317","page","type-page","status-publish","hentry"],"_links":{"self":[{"href":"https:\/\/fachschaft.arch.rwth-aachen.de\/index.php?rest_route=\/wp\/v2\/pages\/7317","targetHints":{"allow":["GET"]}}],"collection":[{"href":"https:\/\/fachschaft.arch.rwth-aachen.de\/index.php?rest_route=\/wp\/v2\/pages"}],"about":[{"href":"https:\/\/fachschaft.arch.rwth-aachen.de\/index.php?rest_route=\/wp\/v2\/types\/page"}],"author":[{"embeddable":true,"href":"https:\/\/fachschaft.arch.rwth-aachen.de\/index.php?rest_route=\/wp\/v2\/users\/7"}],"replies":[{"embeddable":true,"href":"https:\/\/fachschaft.arch.rwth-aachen.de\/index.php?rest_route=%2Fwp%2Fv2%2Fcomments&post=7317"}],"version-history":[{"count":42,"href":"https:\/\/fachschaft.arch.rwth-aachen.de\/index.php?rest_route=\/wp\/v2\/pages\/7317\/revisions"}],"predecessor-version":[{"id":7349,"href":"https:\/\/fachschaft.arch.rwth-aachen.de\/index.php?rest_route=\/wp\/v2\/pages\/7317\/revisions\/7349"}],"wp:attachment":[{"href":"https:\/\/fachschaft.arch.rwth-aachen.de\/index.php?rest_route=%2Fwp%2Fv2%2Fmedia&parent=7317"}],"curies":[{"name":"wp","href":"https:\/\/api.w.org\/{rel}","templated":true}]}}